{"id":469,"date":"2024-01-15T14:28:05","date_gmt":"2024-01-15T14:28:05","guid":{"rendered":"https:\/\/klimaradi.klimazaloba.cz\/?page_id=469"},"modified":"2024-06-29T11:50:13","modified_gmt":"2024-06-29T11:50:13","slug":"stredniskoly","status":"publish","type":"page","link":"https:\/\/klimaradi.klimazaloba.cz\/index.php\/stredniskoly\/","title":{"rendered":"St\u0159edn\u00ed \u0161koly"},"content":{"rendered":"\t\t<div data-elementor-type=\"wp-page\" data-elementor-id=\"469\" class=\"elementor elementor-469\">\n\t\t\t\t\t\t\t<div class=\"elementor-element elementor-element-72b7119 e-flex e-con-boxed e-con e-parent\" data-id=\"72b7119\" data-element_type=\"container\" data-settings=\"{&quot;container_type&quot;:&quot;flex&quot;,&quot;content_width&quot;:&quot;boxed&quot;}\" data-core-v316-plus=\"true\">\n\t\t\t\t\t<div class=\"e-con-inner\">\n\t\t\t\t<div class=\"elementor-element elementor-element-83cf520 elementor-widget elementor-widget-spacer\" data-id=\"83cf520\" data-element_type=\"widget\" data-widget_type=\"spacer.default\">\n\t\t\t\t<div class=\"elementor-widget-container\">\n\t\t\t<style>\/*! elementor - v3.18.0 - 20-12-2023 *\/\n.elementor-column .elementor-spacer-inner{height:var(--spacer-size)}.e-con{--container-widget-width:100%}.e-con-inner>.elementor-widget-spacer,.e-con>.elementor-widget-spacer{width:var(--container-widget-width,var(--spacer-size));--align-self:var(--container-widget-align-self,initial);--flex-shrink:0}.e-con-inner>.elementor-widget-spacer>.elementor-widget-container,.e-con>.elementor-widget-spacer>.elementor-widget-container{height:100%;width:100%}.e-con-inner>.elementor-widget-spacer>.elementor-widget-container>.elementor-spacer,.e-con>.elementor-widget-spacer>.elementor-widget-container>.elementor-spacer{height:100%}.e-con-inner>.elementor-widget-spacer>.elementor-widget-container>.elementor-spacer>.elementor-spacer-inner,.e-con>.elementor-widget-spacer>.elementor-widget-container>.elementor-spacer>.elementor-spacer-inner{height:var(--container-widget-height,var(--spacer-size))}.e-con-inner>.elementor-widget-spacer.elementor-widget-empty,.e-con>.elementor-widget-spacer.elementor-widget-empty{position:relative;min-height:22px;min-width:22px}.e-con-inner>.elementor-widget-spacer.elementor-widget-empty .elementor-widget-empty-icon,.e-con>.elementor-widget-spacer.elementor-widget-empty .elementor-widget-empty-icon{position:absolute;top:0;bottom:0;left:0;right:0;margin:auto;padding:0;width:22px;height:22px}<\/style>\t\t<div class=\"elementor-spacer\">\n\t\t\t<div class=\"elementor-spacer-inner\"><\/div>\n\t\t<\/div>\n\t\t\t\t<\/div>\n\t\t\t\t<\/div>\n\t\t\t\t\t<\/div>\n\t\t\t\t<\/div>\n\t\t<div class=\"elementor-element elementor-element-8e59ec6 e-con-full e-flex e-con e-parent\" data-id=\"8e59ec6\" data-element_type=\"container\" data-settings=\"{&quot;content_width&quot;:&quot;full&quot;,&quot;background_background&quot;:&quot;classic&quot;,&quot;container_type&quot;:&quot;flex&quot;}\" data-core-v316-plus=\"true\">\n\t\t<div class=\"elementor-element elementor-element-78dc947 e-con-full e-flex e-con e-child\" data-id=\"78dc947\" data-element_type=\"container\" data-settings=\"{&quot;content_width&quot;:&quot;full&quot;,&quot;background_background&quot;:&quot;classic&quot;,&quot;container_type&quot;:&quot;flex&quot;}\">\n\t\t<div class=\"elementor-element elementor-element-154d3a9 e-flex e-con-boxed e-con e-child\" data-id=\"154d3a9\" data-element_type=\"container\" data-settings=\"{&quot;container_type&quot;:&quot;flex&quot;,&quot;content_width&quot;:&quot;boxed&quot;}\">\n\t\t\t\t\t<div class=\"e-con-inner\">\n\t\t\t\t<div class=\"elementor-element elementor-element-568b245 elementor-widget elementor-widget-heading\" data-id=\"568b245\" data-element_type=\"widget\" data-widget_type=\"heading.default\">\n\t\t\t\t<div class=\"elementor-widget-container\">\n\t\t\t<style>\/*! elementor - v3.18.0 - 20-12-2023 *\/\n.elementor-heading-title{padding:0;margin:0;line-height:1}.elementor-widget-heading .elementor-heading-title[class*=elementor-size-]>a{color:inherit;font-size:inherit;line-height:inherit}.elementor-widget-heading .elementor-heading-title.elementor-size-small{font-size:15px}.elementor-widget-heading .elementor-heading-title.elementor-size-medium{font-size:19px}.elementor-widget-heading .elementor-heading-title.elementor-size-large{font-size:29px}.elementor-widget-heading .elementor-heading-title.elementor-size-xl{font-size:39px}.elementor-widget-heading .elementor-heading-title.elementor-size-xxl{font-size:59px}<\/style><h2 class=\"elementor-heading-title elementor-size-xl\">Tento projekt do\u0161el ke konci<\/h2>\t\t<\/div>\n\t\t\t\t<\/div>\n\t\t\t\t\t<\/div>\n\t\t\t\t<\/div>\n\t\t\t\t<div class=\"elementor-element elementor-element-ccb2aa8 elementor-widget elementor-widget-text-editor\" data-id=\"ccb2aa8\" data-element_type=\"widget\" data-widget_type=\"text-editor.default\">\n\t\t\t\t<div class=\"elementor-widget-container\">\n\t\t\t<style>\/*! elementor - v3.18.0 - 20-12-2023 *\/\n.elementor-widget-text-editor.elementor-drop-cap-view-stacked .elementor-drop-cap{background-color:#69727d;color:#fff}.elementor-widget-text-editor.elementor-drop-cap-view-framed .elementor-drop-cap{color:#69727d;border:3px solid;background-color:transparent}.elementor-widget-text-editor:not(.elementor-drop-cap-view-default) .elementor-drop-cap{margin-top:8px}.elementor-widget-text-editor:not(.elementor-drop-cap-view-default) .elementor-drop-cap-letter{width:1em;height:1em}.elementor-widget-text-editor .elementor-drop-cap{float:left;text-align:center;line-height:1;font-size:50px}.elementor-widget-text-editor .elementor-drop-cap-letter{display:inline-block}<\/style>\t\t\t\t<p>V p\u0159\u00edpad\u011b z\u00e1jmu o dal\u0161\u00ed pr\u00e1vn\u00ed d\u00edlnu n\u00e1m napi\u0161te <a href=\"https:\/\/www.instagram.com\/klimazaloba\/\">@klimazaloba<\/a> na instagramu \u010di <a href=\"mailto:info@klimazaloba.cz\">info@klimazaloba.cz<\/a><\/p>\t\t\t\t\t\t<\/div>\n\t\t\t\t<\/div>\n\t\t\t\t<\/div>\n\t\t\t\t<\/div>\n\t\t<div class=\"elementor-element elementor-element-73ef2b7 e-flex e-con-boxed e-con e-parent\" data-id=\"73ef2b7\" data-element_type=\"container\" data-settings=\"{&quot;container_type&quot;:&quot;flex&quot;,&quot;content_width&quot;:&quot;boxed&quot;}\" data-core-v316-plus=\"true\">\n\t\t\t\t\t<div class=\"e-con-inner\">\n\t\t<div class=\"elementor-element elementor-element-17a424f e-con-full e-flex e-con e-child\" data-id=\"17a424f\" data-element_type=\"container\" data-settings=\"{&quot;content_width&quot;:&quot;full&quot;,&quot;container_type&quot;:&quot;flex&quot;}\">\n\t\t\t\t<div class=\"elementor-element elementor-element-4de6fc3 elementor-widget elementor-widget-heading\" data-id=\"4de6fc3\" data-element_type=\"widget\" data-widget_type=\"heading.default\">\n\t\t\t\t<div class=\"elementor-widget-container\">\n\t\t\t<h1 class=\"elementor-heading-title elementor-size-xl\">Klimar\u00e1di pro St\u0159edn\u00ed \u0161koly<\/h1>\t\t<\/div>\n\t\t\t\t<\/div>\n\t\t\t\t<div class=\"elementor-element elementor-element-3f22dce elementor-widget elementor-widget-image\" data-id=\"3f22dce\" data-element_type=\"widget\" data-widget_type=\"image.default\">\n\t\t\t\t<div class=\"elementor-widget-container\">\n\t\t\t<style>\/*! elementor - v3.18.0 - 20-12-2023 *\/\n.elementor-widget-image{text-align:center}.elementor-widget-image a{display:inline-block}.elementor-widget-image a img[src$=\".svg\"]{width:48px}.elementor-widget-image img{vertical-align:middle;display:inline-block}<\/style>\t\t\t\t\t\t\t\t\t\t\t\t<img fetchpriority=\"high\" decoding=\"async\" width=\"852\" height=\"824\" src=\"https:\/\/i0.wp.com\/klimaradi.klimazaloba.cz\/wp-content\/uploads\/2023\/09\/Logo-Klimaradi-fin-ver-2.png?fit=852%2C824&amp;ssl=1\" class=\"attachment-large size-large wp-image-304\" alt=\"Klimar\u00e1di st\u0159edn\u00ed \u0161koly\" srcset=\"https:\/\/i0.wp.com\/klimaradi.klimazaloba.cz\/wp-content\/uploads\/2023\/09\/Logo-Klimaradi-fin-ver-2.png?w=852&amp;ssl=1 852w, https:\/\/i0.wp.com\/klimaradi.klimazaloba.cz\/wp-content\/uploads\/2023\/09\/Logo-Klimaradi-fin-ver-2.png?resize=300%2C290&amp;ssl=1 300w, https:\/\/i0.wp.com\/klimaradi.klimazaloba.cz\/wp-content\/uploads\/2023\/09\/Logo-Klimaradi-fin-ver-2.png?resize=768%2C743&amp;ssl=1 768w\" sizes=\"(max-width: 852px) 100vw, 852px\" \/>\t\t\t\t\t\t\t\t\t\t\t\t\t\t\t<\/div>\n\t\t\t\t<\/div>\n\t\t\t\t<div class=\"elementor-element elementor-element-a88fd5e elementor-widget elementor-widget-heading\" data-id=\"a88fd5e\" data-element_type=\"widget\" data-widget_type=\"heading.default\">\n\t\t\t\t<div class=\"elementor-widget-container\">\n\t\t\t<h3 class=\"elementor-heading-title elementor-size-default\"><a href=\"mailto:edu@klimazaloba.cz\">Napi\u0161te n\u00e1m : edu@klimazaloba.cz<\/a><\/h3>\t\t<\/div>\n\t\t\t\t<\/div>\n\t\t\t\t<\/div>\n\t\t\t\t\t<\/div>\n\t\t\t\t<\/div>\n\t\t<div class=\"elementor-element elementor-element-506ee9b e-flex e-con-boxed e-con e-parent\" data-id=\"506ee9b\" data-element_type=\"container\" data-settings=\"{&quot;container_type&quot;:&quot;flex&quot;,&quot;content_width&quot;:&quot;boxed&quot;}\" data-core-v316-plus=\"true\">\n\t\t\t\t\t<div class=\"e-con-inner\">\n\t\t\t\t<div class=\"elementor-element elementor-element-9822a5a elementor-widget elementor-widget-heading\" data-id=\"9822a5a\" data-element_type=\"widget\" data-widget_type=\"heading.default\">\n\t\t\t\t<div class=\"elementor-widget-container\">\n\t\t\t<h2 class=\"elementor-heading-title elementor-size-xl\">Tento projekt do\u0161el ke zd\u00e1rn\u00e9mu konci, <br> v p\u0159\u00edpad\u011b z\u00e1jmu o dal\u0161\u00ed semin\u00e1\u0159 n\u00e1m napi\u0161te  <br> @klimazaloba na instagramu \u010di info@klimazaloba.cz<\/h2>\t\t<\/div>\n\t\t\t\t<\/div>\n\t\t\t\t\t<\/div>\n\t\t\t\t<\/div>\n\t\t<div class=\"elementor-element elementor-element-9a47d1c e-flex e-con-boxed e-con e-parent\" data-id=\"9a47d1c\" data-element_type=\"container\" data-settings=\"{&quot;container_type&quot;:&quot;flex&quot;,&quot;content_width&quot;:&quot;boxed&quot;}\" data-core-v316-plus=\"true\">\n\t\t\t\t\t<div class=\"e-con-inner\">\n\t\t<div class=\"elementor-element elementor-element-521680b e-con-full e-flex e-con e-child\" data-id=\"521680b\" data-element_type=\"container\" data-settings=\"{&quot;content_width&quot;:&quot;full&quot;,&quot;container_type&quot;:&quot;flex&quot;}\">\n\t\t\t\t<div class=\"elementor-element elementor-element-4b5aa15 elementor-widget elementor-widget-heading\" data-id=\"4b5aa15\" data-element_type=\"widget\" data-widget_type=\"heading.default\">\n\t\t\t\t<div class=\"elementor-widget-container\">\n\t\t\t<h3 class=\"elementor-heading-title elementor-size-default\">Co je semin\u00e1\u0159 Klimar\u00e1di?<\/h3>\t\t<\/div>\n\t\t\t\t<\/div>\n\t\t\t\t<div class=\"elementor-element elementor-element-860f2ca elementor-widget elementor-widget-text-editor\" data-id=\"860f2ca\" data-element_type=\"widget\" data-widget_type=\"text-editor.default\">\n\t\t\t\t<div class=\"elementor-widget-container\">\n\t\t\t\t\t\t\t<p>Klimar\u00e1di pro st\u0159edn\u00ed \u0161koly je interaktivn\u00ed semin\u00e1\u0159 zam\u011b\u0159en\u00fd na t\u00e9ma ochrany klimatu a pr\u00e1va. T\u00edmto propojen\u00edm a pod\u00e1n\u00edm je v \u010cesku jedine\u010dn\u00fd. Je veden zku\u0161enou lektorskou dvojic\u00ed (jeden \u010dlov\u011bk z oboru vzd\u011bl\u00e1v\u00e1n\u00ed mlad\u00fdch lid\u00ed, jeden z oboru pr\u00e1va).<\/p><p><b>C\u00edlov\u00e1 skupina:<\/b> studenti a studentky st\u0159edn\u00edch \u0161kol, skupiny o velikosti 20 \u2013 30 osob, po dohod\u011b i v\u011bt\u0161\u00ed \u010di men\u0161\u00ed skupiny.<\/p><p><b>Doporu\u010den\u00e1 d\u00e9lka:<\/b> Doporu\u010den\u00e1 d\u00e9lka: 3 vyu\u010dovac\u00ed hodiny, simulace soudn\u00edho sporu 4 vyu\u010dovac\u00ed hodiny.<\/p><p><b>Obsah<\/b>: nab\u00edz\u00edme t\u0159i varianty, vybrat si m\u016f\u017eete jednu, p\u0159\u00edpadn\u011b dv\u011b:<\/p>\t\t\t\t\t\t<\/div>\n\t\t\t\t<\/div>\n\t\t\t\t<\/div>\n\t\t<div class=\"elementor-element elementor-element-9b70b93 e-con-full e-flex e-con e-child\" data-id=\"9b70b93\" data-element_type=\"container\" data-settings=\"{&quot;content_width&quot;:&quot;full&quot;,&quot;container_type&quot;:&quot;flex&quot;}\">\n\t\t\t\t<div class=\"elementor-element elementor-element-c26d2ea elementor-widget elementor-widget-text-editor\" data-id=\"c26d2ea\" data-element_type=\"widget\" data-widget_type=\"text-editor.default\">\n\t\t\t\t<div class=\"elementor-widget-container\">\n\t\t\t\t\t\t\t<ol><li><b> Klima v souvislostech:<\/b> poskytneme obecn\u00fd \u00favod do zm\u011bny a ochrany klimatu, ob\u010dansk\u00fdch pr\u00e1v a do klimatick\u00e9ho pr\u00e1va (mezin\u00e1rodn\u00ed dohody, situace v \u010cR a v EU). Studuj\u00edc\u00ed se zamysl\u00ed nad sv\u00fdm vztahem k ochran\u011b klimatu a nad t\u00edm, s jak\u00fdmi postoji se setk\u00e1vaj\u00ed ve spole\u010densk\u00e9 diskuzi.<\/li><li><b> Pr\u00e1vn\u00ed n\u00e1stroje:<\/b> pozn\u00e1v\u00e1me konkr\u00e9tn\u00ed ob\u010dansk\u00e9 pr\u00e1vn\u00ed n\u00e1stroje a ukazujeme si jejich praktick\u00e9 pou\u017eit\u00ed v kontextu ochrany \u017eivotn\u00edho prost\u0159ed\u00ed a klimatu (jak \u017e\u00e1dat o informace, jak sepsat petici, jak svolat shrom\u00e1\u017ed\u011bn\u00ed);<\/li><li><b>Simulace soudn\u00edho sporu o ochranu zdrav\u00ed a \u017eivotn\u00edho prost\u0159ed\u00ed:<\/b> rozd\u011bl\u00edme si role a na p\u0159\u00edkladu fiktivn\u00edho sporu o dopady uheln\u00e9 elektr\u00e1rny si n\u00e1zorn\u011b vyzkou\u0161\u00edme, jak prob\u00edh\u00e1 soudn\u00ed proces a na z\u00e1klad\u011b \u010deho soudy nal\u00e9zaj\u00ed spravedlnost.<\/li><\/ol>\t\t\t\t\t\t<\/div>\n\t\t\t\t<\/div>\n\t\t\t\t<\/div>\n\t\t\t\t\t<\/div>\n\t\t\t\t<\/div>\n\t\t<div class=\"elementor-element elementor-element-f45e06d e-flex e-con-boxed e-con e-parent\" data-id=\"f45e06d\" data-element_type=\"container\" data-settings=\"{&quot;container_type&quot;:&quot;flex&quot;,&quot;content_width&quot;:&quot;boxed&quot;}\" data-core-v316-plus=\"true\">\n\t\t\t\t\t<div class=\"e-con-inner\">\n\t\t\t\t<div class=\"elementor-element elementor-element-a96b58f elementor-widget elementor-widget-heading\" data-id=\"a96b58f\" data-element_type=\"widget\" data-widget_type=\"heading.default\">\n\t\t\t\t<div class=\"elementor-widget-container\">\n\t\t\t<h3 class=\"elementor-heading-title elementor-size-default\">Principy, na kter\u00fdch stoj\u00ed n\u00e1\u0161 vzd\u011bl\u00e1vac\u00ed program<\/h3>\t\t<\/div>\n\t\t\t\t<\/div>\n\t\t\t\t<div class=\"elementor-element elementor-element-e4cc3a4 elementor-widget elementor-widget-text-editor\" data-id=\"e4cc3a4\" data-element_type=\"widget\" data-widget_type=\"text-editor.default\">\n\t\t\t\t<div class=\"elementor-widget-container\">\n\t\t\t\t\t\t\t<ul><li aria-level=\"1\">ct\u00edme dobrovolnost (studuj\u00edc\u00ed si mohou sami ur\u010dit, jak moc se do kter\u00e9 aktivity zapoj\u00ed)<\/li><li aria-level=\"1\">rozv\u00edj\u00edme znalosti, dovednosti i postoje, d\u00e1v\u00e1me prostor pro uv\u011bdom\u011bn\u00ed si a sd\u00edlen\u00ed pocit\u016f<\/li><li aria-level=\"1\">db\u00e1me na rovnocenn\u00fd vztah mezi lektoruj\u00edc\u00edmi a studuj\u00edc\u00edmi (lektoruj\u00edc\u00ed berou ohled na pot\u0159eby studuj\u00edc\u00edch, p\u0159izp\u016fsobuj\u00ed jim obsah i metody, obousm\u011brn\u00e1 komunikace, sd\u00edlen\u00e1 odpov\u011bdnost za u\u010den\u00ed)<\/li><li aria-level=\"1\">d\u00e1v\u00e1me prostor pro aktivn\u00ed zapojen\u00ed studuj\u00edc\u00edch<\/li><li aria-level=\"1\">u\u010d\u00edme se spolupracovat ve skupin\u011b<\/li><li aria-level=\"1\">st\u0159\u00edd\u00e1me rozmanit\u00e9 metody (s ohledem na r\u016fzn\u00e9 pot\u0159eby a styly u\u010den\u00ed)<\/li><li aria-level=\"1\">vytv\u00e1\u0159\u00edme podporuj\u00edc\u00ed prost\u0159ed\u00ed, kter\u00e9 umo\u017e\u0148uje zkou\u0161et nov\u00e9 v\u011bci i d\u011blat chyby (nehodnot\u00edme, nevytv\u00e1\u0159\u00edme tlak na konkr\u00e9tn\u00ed v\u00fdsledky)<\/li><\/ul><p><span style=\"font-weight: 400;\">V p\u0159\u00edpad\u011b z\u00e1jmu o <\/span><span style=\"font-family: var( --e-global-typography-text-font-family ), Sans-serif; text-align: var(--text-align); font-size: 1rem;\">Klimar\u00e1di pro St\u0159edn\u00ed \u0161koly<\/span><span style=\"font-style: inherit; font-family: var( --e-global-typography-text-font-family ), Sans-serif; text-align: var(--text-align);\">\u00a0pros\u00edm <br \/>pi\u0161te\u00a0<\/span><span style=\"font-style: inherit; font-family: var( --e-global-typography-text-font-family ), Sans-serif; text-align: var(--text-align);\">na email: <\/span><a style=\"font-style: inherit; font-family: var( --e-global-typography-text-font-family ), Sans-serif; text-align: var(--text-align);\" href=\"mailto:edu@klimazaloba.cz\" data-wplink-edit=\"true\">edu@klimazaloba.cz<\/a><span style=\"font-style: inherit; font-family: var( --e-global-typography-text-font-family ), Sans-serif; text-align: var(--text-align);\"> nebo volejte na \u010d\u00edslo +420 776 876 213<\/span><\/p>\t\t\t\t\t\t<\/div>\n\t\t\t\t<\/div>\n\t\t\t\t<div class=\"elementor-element elementor-element-64f1f17 elementor-widget elementor-widget-heading\" data-id=\"64f1f17\" data-element_type=\"widget\" data-widget_type=\"heading.default\">\n\t\t\t\t<div class=\"elementor-widget-container\">\n\t\t\t<h2 class=\"elementor-heading-title elementor-size-default\"><a href=\"mailto:edu@klimazaloba.cz\">M\u00e1me z\u00e1jem><\/a><\/h2>\t\t<\/div>\n\t\t\t\t<\/div>\n\t\t\t\t<div class=\"elementor-element elementor-element-2cda601 elementor-widget elementor-widget-spacer\" data-id=\"2cda601\" data-element_type=\"widget\" data-widget_type=\"spacer.default\">\n\t\t\t\t<div class=\"elementor-widget-container\">\n\t\t\t\t\t<div class=\"elementor-spacer\">\n\t\t\t<div class=\"elementor-spacer-inner\"><\/div>\n\t\t<\/div>\n\t\t\t\t<\/div>\n\t\t\t\t<\/div>\n\t\t\t\t\t<\/div>\n\t\t\t\t<\/div>\n\t\t<div class=\"elementor-element elementor-element-a82811a e-con-full e-flex e-con e-parent\" data-id=\"a82811a\" data-element_type=\"container\" data-settings=\"{&quot;content_width&quot;:&quot;full&quot;,&quot;container_type&quot;:&quot;flex&quot;}\" data-core-v316-plus=\"true\">\n\t\t\t\t<div class=\"elementor-element elementor-element-9e97c34 elementor-widget elementor-widget-image-gallery\" data-id=\"9e97c34\" data-element_type=\"widget\" data-widget_type=\"image-gallery.default\">\n\t\t\t\t<div class=\"elementor-widget-container\">\n\t\t\t<style>\/*! elementor - v3.18.0 - 20-12-2023 *\/\n.elementor-image-gallery .gallery-item{display:inline-block;text-align:center;vertical-align:top;width:100%;max-width:100%;margin:0 auto}.elementor-image-gallery .gallery-item img{margin:0 auto}.elementor-image-gallery .gallery-item .gallery-caption{margin:0}.elementor-image-gallery figure img{display:block}.elementor-image-gallery figure figcaption{width:100%}.gallery-spacing-custom .elementor-image-gallery .gallery-icon{padding:0}@media (min-width:768px){.elementor-image-gallery .gallery-columns-2 .gallery-item{max-width:50%}.elementor-image-gallery .gallery-columns-3 .gallery-item{max-width:33.33%}.elementor-image-gallery .gallery-columns-4 .gallery-item{max-width:25%}.elementor-image-gallery .gallery-columns-5 .gallery-item{max-width:20%}.elementor-image-gallery .gallery-columns-6 .gallery-item{max-width:16.666%}.elementor-image-gallery .gallery-columns-7 .gallery-item{max-width:14.28%}.elementor-image-gallery .gallery-columns-8 .gallery-item{max-width:12.5%}.elementor-image-gallery .gallery-columns-9 .gallery-item{max-width:11.11%}.elementor-image-gallery .gallery-columns-10 .gallery-item{max-width:10%}}@media (min-width:480px) and (max-width:767px){.elementor-image-gallery .gallery.gallery-columns-2 .gallery-item,.elementor-image-gallery .gallery.gallery-columns-3 .gallery-item,.elementor-image-gallery .gallery.gallery-columns-4 .gallery-item,.elementor-image-gallery .gallery.gallery-columns-5 .gallery-item,.elementor-image-gallery .gallery.gallery-columns-6 .gallery-item,.elementor-image-gallery .gallery.gallery-columns-7 .gallery-item,.elementor-image-gallery .gallery.gallery-columns-8 .gallery-item,.elementor-image-gallery .gallery.gallery-columns-9 .gallery-item,.elementor-image-gallery .gallery.gallery-columns-10 .gallery-item{max-width:50%}}@media (max-width:479px){.elementor-image-gallery .gallery.gallery-columns-2 .gallery-item,.elementor-image-gallery .gallery.gallery-columns-3 .gallery-item,.elementor-image-gallery .gallery.gallery-columns-4 .gallery-item,.elementor-image-gallery .gallery.gallery-columns-5 .gallery-item,.elementor-image-gallery .gallery.gallery-columns-6 .gallery-item,.elementor-image-gallery .gallery.gallery-columns-7 .gallery-item,.elementor-image-gallery .gallery.gallery-columns-8 .gallery-item,.elementor-image-gallery .gallery.gallery-columns-9 .gallery-item,.elementor-image-gallery .gallery.gallery-columns-10 .gallery-item{max-width:100%}}<\/style>\t\t<div class=\"elementor-image-gallery\">\n\t\t\t<div class=\"tiled-gallery type-rectangular tiled-gallery-unresized\" data-original-width=\"500\" data-carousel-extra='null' itemscope itemtype=\"http:\/\/schema.org\/ImageGallery\" > <div class=\"gallery-row\" style=\"width: 500px; height: 294px;\" data-original-width=\"500\" data-original-height=\"294\" > <div class=\"gallery-group images-1\" style=\"width: 294px; height: 294px;\" data-original-width=\"294\" data-original-height=\"294\" > <div class=\"tiled-gallery-item tiled-gallery-item-large\" itemprop=\"associatedMedia\" itemscope itemtype=\"http:\/\/schema.org\/ImageObject\"> <a href=\"https:\/\/i0.wp.com\/klimaradi.klimazaloba.cz\/wp-content\/uploads\/2024\/02\/klimaradi-ss.webp?ssl=1\" border=\"0\" itemprop=\"url\"> <meta itemprop=\"width\" content=\"290\"> <meta itemprop=\"height\" content=\"290\"> <img loading=\"lazy\" decoding=\"async\" class=\"\" data-attachment-id=\"1188\" data-orig-file=\"https:\/\/klimaradi.klimazaloba.cz\/wp-content\/uploads\/2024\/02\/klimaradi-ss.webp\" data-orig-size=\"1024,1024\" data-comments-opened=\"1\" data-image-meta=\"{&quot;aperture&quot;:&quot;0&quot;,&quot;credit&quot;:&quot;&quot;,&quot;camera&quot;:&quot;&quot;,&quot;caption&quot;:&quot;&quot;,&quot;created_timestamp&quot;:&quot;0&quot;,&quot;copyright&quot;:&quot;&quot;,&quot;focal_length&quot;:&quot;0&quot;,&quot;iso&quot;:&quot;0&quot;,&quot;shutter_speed&quot;:&quot;0&quot;,&quot;title&quot;:&quot;&quot;,&quot;orientation&quot;:&quot;0&quot;}\" data-image-title=\"klimar\u00e1di s\u0161\" data-image-description=\"\" data-medium-file=\"https:\/\/i0.wp.com\/klimaradi.klimazaloba.cz\/wp-content\/uploads\/2024\/02\/klimaradi-ss.webp?fit=300%2C300&#038;ssl=1\" data-large-file=\"https:\/\/i0.wp.com\/klimaradi.klimazaloba.cz\/wp-content\/uploads\/2024\/02\/klimaradi-ss.webp?fit=1024%2C1024&#038;ssl=1\" src=\"https:\/\/i0.wp.com\/klimaradi.klimazaloba.cz\/wp-content\/uploads\/2024\/02\/klimaradi-ss.webp?w=290&#038;h=290&#038;crop=1&#038;ssl=1\" srcset=\"https:\/\/i0.wp.com\/klimaradi.klimazaloba.cz\/wp-content\/uploads\/2024\/02\/klimaradi-ss.webp?w=1024&amp;ssl=1 1024w, https:\/\/i0.wp.com\/klimaradi.klimazaloba.cz\/wp-content\/uploads\/2024\/02\/klimaradi-ss.webp?resize=300%2C300&amp;ssl=1 300w, https:\/\/i0.wp.com\/klimaradi.klimazaloba.cz\/wp-content\/uploads\/2024\/02\/klimaradi-ss.webp?resize=150%2C150&amp;ssl=1 150w, https:\/\/i0.wp.com\/klimaradi.klimazaloba.cz\/wp-content\/uploads\/2024\/02\/klimaradi-ss.webp?resize=768%2C768&amp;ssl=1 768w\" width=\"290\" height=\"290\" loading=\"lazy\" data-original-width=\"290\" data-original-height=\"290\" itemprop=\"http:\/\/schema.org\/image\" title=\"klimar\u00e1di s\u0161\" alt=\"klimar\u00e1di s\u0161\" style=\"width: 290px; height: 290px;\" \/> <\/a> <\/div> <\/div> <!-- close group --> <div class=\"gallery-group images-2\" style=\"width: 206px; height: 294px;\" data-original-width=\"206\" data-original-height=\"294\" > <div class=\"tiled-gallery-item tiled-gallery-item-small\" itemprop=\"associatedMedia\" itemscope itemtype=\"http:\/\/schema.org\/ImageObject\"> <a href=\"https:\/\/i0.wp.com\/klimaradi.klimazaloba.cz\/wp-content\/uploads\/2024\/02\/ss-seminar-klimaradu-mini.png?ssl=1\" border=\"0\" itemprop=\"url\"> <meta itemprop=\"width\" content=\"202\"> <meta itemprop=\"height\" content=\"135\"> <img loading=\"lazy\" decoding=\"async\" class=\"\" data-attachment-id=\"1187\" data-orig-file=\"https:\/\/klimaradi.klimazaloba.cz\/wp-content\/uploads\/2024\/02\/ss-seminar-klimaradu-mini.png\" data-orig-size=\"1500,1000\" data-comments-opened=\"1\" data-image-meta=\"{&quot;aperture&quot;:&quot;0&quot;,&quot;credit&quot;:&quot;&quot;,&quot;camera&quot;:&quot;&quot;,&quot;caption&quot;:&quot;&quot;,&quot;created_timestamp&quot;:&quot;0&quot;,&quot;copyright&quot;:&quot;&quot;,&quot;focal_length&quot;:&quot;0&quot;,&quot;iso&quot;:&quot;0&quot;,&quot;shutter_speed&quot;:&quot;0&quot;,&quot;title&quot;:&quot;&quot;,&quot;orientation&quot;:&quot;0&quot;}\" data-image-title=\"s\u0161 semin\u00e1\u0159 klimar\u00e1d\u016f mini\" data-image-description=\"\" data-medium-file=\"https:\/\/i0.wp.com\/klimaradi.klimazaloba.cz\/wp-content\/uploads\/2024\/02\/ss-seminar-klimaradu-mini.png?fit=300%2C200&#038;ssl=1\" data-large-file=\"https:\/\/i0.wp.com\/klimaradi.klimazaloba.cz\/wp-content\/uploads\/2024\/02\/ss-seminar-klimaradu-mini.png?fit=1024%2C683&#038;ssl=1\" src=\"https:\/\/i0.wp.com\/klimaradi.klimazaloba.cz\/wp-content\/uploads\/2024\/02\/ss-seminar-klimaradu-mini.png?w=202&#038;h=135&#038;ssl=1\" srcset=\"https:\/\/i0.wp.com\/klimaradi.klimazaloba.cz\/wp-content\/uploads\/2024\/02\/ss-seminar-klimaradu-mini.png?w=1500&amp;ssl=1 1500w, https:\/\/i0.wp.com\/klimaradi.klimazaloba.cz\/wp-content\/uploads\/2024\/02\/ss-seminar-klimaradu-mini.png?resize=300%2C200&amp;ssl=1 300w, https:\/\/i0.wp.com\/klimaradi.klimazaloba.cz\/wp-content\/uploads\/2024\/02\/ss-seminar-klimaradu-mini.png?resize=1024%2C683&amp;ssl=1 1024w, https:\/\/i0.wp.com\/klimaradi.klimazaloba.cz\/wp-content\/uploads\/2024\/02\/ss-seminar-klimaradu-mini.png?resize=768%2C512&amp;ssl=1 768w\" width=\"202\" height=\"135\" loading=\"lazy\" data-original-width=\"202\" data-original-height=\"135\" itemprop=\"http:\/\/schema.org\/image\" title=\"s\u0161 semin\u00e1\u0159 klimar\u00e1d\u016f mini\" alt=\"s\u0161 semin\u00e1\u0159 klimar\u00e1d\u016f mini\" style=\"width: 202px; height: 135px;\" \/> <\/a> <\/div> <div class=\"tiled-gallery-item tiled-gallery-item-small\" itemprop=\"associatedMedia\" itemscope itemtype=\"http:\/\/schema.org\/ImageObject\"> <a href=\"https:\/\/i0.wp.com\/klimaradi.klimazaloba.cz\/wp-content\/uploads\/2024\/02\/ss-seminar-klimaradu-mini-3.png?ssl=1\" border=\"0\" itemprop=\"url\"> <meta itemprop=\"width\" content=\"202\"> <meta itemprop=\"height\" content=\"151\"> <img loading=\"lazy\" decoding=\"async\" class=\"\" data-attachment-id=\"1186\" data-orig-file=\"https:\/\/klimaradi.klimazaloba.cz\/wp-content\/uploads\/2024\/02\/ss-seminar-klimaradu-mini-3.png\" data-orig-size=\"1500,1125\" data-comments-opened=\"1\" data-image-meta=\"{&quot;aperture&quot;:&quot;0&quot;,&quot;credit&quot;:&quot;&quot;,&quot;camera&quot;:&quot;&quot;,&quot;caption&quot;:&quot;&quot;,&quot;created_timestamp&quot;:&quot;0&quot;,&quot;copyright&quot;:&quot;&quot;,&quot;focal_length&quot;:&quot;0&quot;,&quot;iso&quot;:&quot;0&quot;,&quot;shutter_speed&quot;:&quot;0&quot;,&quot;title&quot;:&quot;&quot;,&quot;orientation&quot;:&quot;0&quot;}\" data-image-title=\"s\u0161 semin\u00e1\u0159 klimar\u00e1d\u016f mini 3\" data-image-description=\"\" data-medium-file=\"https:\/\/i0.wp.com\/klimaradi.klimazaloba.cz\/wp-content\/uploads\/2024\/02\/ss-seminar-klimaradu-mini-3.png?fit=300%2C225&#038;ssl=1\" data-large-file=\"https:\/\/i0.wp.com\/klimaradi.klimazaloba.cz\/wp-content\/uploads\/2024\/02\/ss-seminar-klimaradu-mini-3.png?fit=1024%2C768&#038;ssl=1\" src=\"https:\/\/i0.wp.com\/klimaradi.klimazaloba.cz\/wp-content\/uploads\/2024\/02\/ss-seminar-klimaradu-mini-3.png?w=202&#038;h=151&#038;ssl=1\" srcset=\"https:\/\/i0.wp.com\/klimaradi.klimazaloba.cz\/wp-content\/uploads\/2024\/02\/ss-seminar-klimaradu-mini-3.png?w=1500&amp;ssl=1 1500w, https:\/\/i0.wp.com\/klimaradi.klimazaloba.cz\/wp-content\/uploads\/2024\/02\/ss-seminar-klimaradu-mini-3.png?resize=300%2C225&amp;ssl=1 300w, https:\/\/i0.wp.com\/klimaradi.klimazaloba.cz\/wp-content\/uploads\/2024\/02\/ss-seminar-klimaradu-mini-3.png?resize=1024%2C768&amp;ssl=1 1024w, https:\/\/i0.wp.com\/klimaradi.klimazaloba.cz\/wp-content\/uploads\/2024\/02\/ss-seminar-klimaradu-mini-3.png?resize=768%2C576&amp;ssl=1 768w\" width=\"202\" height=\"151\" loading=\"lazy\" data-original-width=\"202\" data-original-height=\"151\" itemprop=\"http:\/\/schema.org\/image\" title=\"s\u0161 semin\u00e1\u0159 klimar\u00e1d\u016f mini 3\" alt=\"s\u0161 semin\u00e1\u0159 klimar\u00e1d\u016f mini 3\" style=\"width: 202px; height: 151px;\" \/> <\/a> <\/div> <\/div> <!-- close group --> <\/div> <!-- close row --> <div class=\"gallery-row\" style=\"width: 500px; height: 178px;\" data-original-width=\"500\" data-original-height=\"178\" > <div class=\"gallery-group images-1\" style=\"width: 236px; height: 178px;\" data-original-width=\"236\" data-original-height=\"178\" > <div class=\"tiled-gallery-item tiled-gallery-item-small\" itemprop=\"associatedMedia\" itemscope itemtype=\"http:\/\/schema.org\/ImageObject\"> <a href=\"https:\/\/i0.wp.com\/klimaradi.klimazaloba.cz\/wp-content\/uploads\/2024\/02\/ss-seminar-klimaradu-mini-2.png?ssl=1\" border=\"0\" itemprop=\"url\"> <meta itemprop=\"width\" content=\"232\"> <meta itemprop=\"height\" content=\"174\"> <img loading=\"lazy\" decoding=\"async\" class=\"\" data-attachment-id=\"1185\" data-orig-file=\"https:\/\/klimaradi.klimazaloba.cz\/wp-content\/uploads\/2024\/02\/ss-seminar-klimaradu-mini-2.png\" data-orig-size=\"1500,1125\" data-comments-opened=\"1\" data-image-meta=\"{&quot;aperture&quot;:&quot;0&quot;,&quot;credit&quot;:&quot;&quot;,&quot;camera&quot;:&quot;&quot;,&quot;caption&quot;:&quot;&quot;,&quot;created_timestamp&quot;:&quot;0&quot;,&quot;copyright&quot;:&quot;&quot;,&quot;focal_length&quot;:&quot;0&quot;,&quot;iso&quot;:&quot;0&quot;,&quot;shutter_speed&quot;:&quot;0&quot;,&quot;title&quot;:&quot;&quot;,&quot;orientation&quot;:&quot;0&quot;}\" data-image-title=\"s\u0161 semin\u00e1\u0159 klimar\u00e1d\u016f mini 2\" data-image-description=\"\" data-medium-file=\"https:\/\/i0.wp.com\/klimaradi.klimazaloba.cz\/wp-content\/uploads\/2024\/02\/ss-seminar-klimaradu-mini-2.png?fit=300%2C225&#038;ssl=1\" data-large-file=\"https:\/\/i0.wp.com\/klimaradi.klimazaloba.cz\/wp-content\/uploads\/2024\/02\/ss-seminar-klimaradu-mini-2.png?fit=1024%2C768&#038;ssl=1\" src=\"https:\/\/i0.wp.com\/klimaradi.klimazaloba.cz\/wp-content\/uploads\/2024\/02\/ss-seminar-klimaradu-mini-2.png?w=232&#038;h=174&#038;ssl=1\" srcset=\"https:\/\/i0.wp.com\/klimaradi.klimazaloba.cz\/wp-content\/uploads\/2024\/02\/ss-seminar-klimaradu-mini-2.png?w=1500&amp;ssl=1 1500w, https:\/\/i0.wp.com\/klimaradi.klimazaloba.cz\/wp-content\/uploads\/2024\/02\/ss-seminar-klimaradu-mini-2.png?resize=300%2C225&amp;ssl=1 300w, https:\/\/i0.wp.com\/klimaradi.klimazaloba.cz\/wp-content\/uploads\/2024\/02\/ss-seminar-klimaradu-mini-2.png?resize=1024%2C768&amp;ssl=1 1024w, https:\/\/i0.wp.com\/klimaradi.klimazaloba.cz\/wp-content\/uploads\/2024\/02\/ss-seminar-klimaradu-mini-2.png?resize=768%2C576&amp;ssl=1 768w\" width=\"232\" height=\"174\" loading=\"lazy\" data-original-width=\"232\" data-original-height=\"174\" itemprop=\"http:\/\/schema.org\/image\" title=\"s\u0161 semin\u00e1\u0159 klimar\u00e1d\u016f mini 2\" alt=\"s\u0161 semin\u00e1\u0159 klimar\u00e1d\u016f mini 2\" style=\"width: 232px; height: 174px;\" \/> <\/a> <\/div> <\/div> <!-- close group --> <div class=\"gallery-group images-1\" style=\"width: 264px; height: 178px;\" data-original-width=\"264\" data-original-height=\"178\" > <div class=\"tiled-gallery-item tiled-gallery-item-large\" itemprop=\"associatedMedia\" itemscope itemtype=\"http:\/\/schema.org\/ImageObject\"> <a href=\"https:\/\/i0.wp.com\/klimaradi.klimazaloba.cz\/wp-content\/uploads\/2024\/02\/5-mini-1.png?ssl=1\" border=\"0\" itemprop=\"url\"> <meta itemprop=\"width\" content=\"260\"> <meta itemprop=\"height\" content=\"174\"> <img loading=\"lazy\" decoding=\"async\" class=\"\" data-attachment-id=\"1189\" data-orig-file=\"https:\/\/klimaradi.klimazaloba.cz\/wp-content\/uploads\/2024\/02\/5-mini-1.png\" data-orig-size=\"1000,667\" data-comments-opened=\"1\" data-image-meta=\"{&quot;aperture&quot;:&quot;0&quot;,&quot;credit&quot;:&quot;&quot;,&quot;camera&quot;:&quot;&quot;,&quot;caption&quot;:&quot;&quot;,&quot;created_timestamp&quot;:&quot;0&quot;,&quot;copyright&quot;:&quot;&quot;,&quot;focal_length&quot;:&quot;0&quot;,&quot;iso&quot;:&quot;0&quot;,&quot;shutter_speed&quot;:&quot;0&quot;,&quot;title&quot;:&quot;&quot;,&quot;orientation&quot;:&quot;0&quot;}\" data-image-title=\"5 mini\" data-image-description=\"\" data-medium-file=\"https:\/\/i0.wp.com\/klimaradi.klimazaloba.cz\/wp-content\/uploads\/2024\/02\/5-mini-1.png?fit=300%2C200&#038;ssl=1\" data-large-file=\"https:\/\/i0.wp.com\/klimaradi.klimazaloba.cz\/wp-content\/uploads\/2024\/02\/5-mini-1.png?fit=1000%2C667&#038;ssl=1\" src=\"https:\/\/i0.wp.com\/klimaradi.klimazaloba.cz\/wp-content\/uploads\/2024\/02\/5-mini-1.png?w=260&#038;h=174&#038;ssl=1\" srcset=\"https:\/\/i0.wp.com\/klimaradi.klimazaloba.cz\/wp-content\/uploads\/2024\/02\/5-mini-1.png?w=1000&amp;ssl=1 1000w, https:\/\/i0.wp.com\/klimaradi.klimazaloba.cz\/wp-content\/uploads\/2024\/02\/5-mini-1.png?resize=300%2C200&amp;ssl=1 300w, https:\/\/i0.wp.com\/klimaradi.klimazaloba.cz\/wp-content\/uploads\/2024\/02\/5-mini-1.png?resize=768%2C512&amp;ssl=1 768w\" width=\"260\" height=\"174\" loading=\"lazy\" data-original-width=\"260\" data-original-height=\"174\" itemprop=\"http:\/\/schema.org\/image\" title=\"5 mini\" alt=\"5 mini\" style=\"width: 260px; height: 174px;\" \/> <\/a> <\/div> <\/div> <!-- close group --> <\/div> <!-- close row --> <\/div>\t\t<\/div>\n\t\t\t\t<\/div>\n\t\t\t\t<\/div>\n\t\t\t\t<\/div>\n\t\t<div class=\"elementor-element elementor-element-dffd0db e-flex e-con-boxed e-con e-parent\" data-id=\"dffd0db\" data-element_type=\"container\" data-settings=\"{&quot;container_type&quot;:&quot;flex&quot;,&quot;content_width&quot;:&quot;boxed&quot;}\" data-core-v316-plus=\"true\">\n\t\t\t\t\t<div class=\"e-con-inner\">\n\t\t<div class=\"elementor-element elementor-element-b031f96 e-con-full e-flex e-con e-child\" data-id=\"b031f96\" data-element_type=\"container\" data-settings=\"{&quot;content_width&quot;:&quot;full&quot;,&quot;container_type&quot;:&quot;flex&quot;}\">\n\t\t\t\t<div class=\"elementor-element elementor-element-e702d9e elementor-widget elementor-widget-image\" data-id=\"e702d9e\" data-element_type=\"widget\" data-widget_type=\"image.default\">\n\t\t\t\t<div class=\"elementor-widget-container\">\n\t\t\t\t\t\t\t\t\t\t\t\t\t\t\t<img decoding=\"async\" width=\"1024\" height=\"1024\" src=\"https:\/\/i0.wp.com\/klimaradi.klimazaloba.cz\/wp-content\/uploads\/2023\/10\/Mateo.png?fit=1024%2C1024&amp;ssl=1\" class=\"attachment-large size-large wp-image-399\" alt=\"Klimar\u00e1di koordin\u00e1tor\" srcset=\"https:\/\/i0.wp.com\/klimaradi.klimazaloba.cz\/wp-content\/uploads\/2023\/10\/Mateo.png?w=1655&amp;ssl=1 1655w, https:\/\/i0.wp.com\/klimaradi.klimazaloba.cz\/wp-content\/uploads\/2023\/10\/Mateo.png?resize=300%2C300&amp;ssl=1 300w, https:\/\/i0.wp.com\/klimaradi.klimazaloba.cz\/wp-content\/uploads\/2023\/10\/Mateo.png?resize=1024%2C1024&amp;ssl=1 1024w, https:\/\/i0.wp.com\/klimaradi.klimazaloba.cz\/wp-content\/uploads\/2023\/10\/Mateo.png?resize=150%2C150&amp;ssl=1 150w, https:\/\/i0.wp.com\/klimaradi.klimazaloba.cz\/wp-content\/uploads\/2023\/10\/Mateo.png?resize=768%2C768&amp;ssl=1 768w, https:\/\/i0.wp.com\/klimaradi.klimazaloba.cz\/wp-content\/uploads\/2023\/10\/Mateo.png?resize=1536%2C1536&amp;ssl=1 1536w\" sizes=\"(max-width: 1000px) 100vw, 1000px\" \/>\t\t\t\t\t\t\t\t\t\t\t\t\t\t\t<\/div>\n\t\t\t\t<\/div>\n\t\t\t\t<\/div>\n\t\t<div class=\"elementor-element elementor-element-20a4e52 e-con-full e-flex e-con e-child\" data-id=\"20a4e52\" data-element_type=\"container\" data-settings=\"{&quot;content_width&quot;:&quot;full&quot;,&quot;container_type&quot;:&quot;flex&quot;}\">\n\t\t\t\t<div class=\"elementor-element elementor-element-da78882 elementor-widget elementor-widget-text-editor\" data-id=\"da78882\" data-element_type=\"widget\" data-widget_type=\"text-editor.default\">\n\t\t\t\t<div class=\"elementor-widget-container\">\n\t\t\t\t\t\t\t<p><b>Mateo Toli\u0107\u00a0<\/b><span style=\"font-weight: 400;\">&#8211; koordin\u00e1tor, od roku 2017 se v\u011bnuje koordinaci vzd\u011bl\u00e1vac\u00edch projekt\u016f pro mladistv\u00e9<br \/>a mlad\u00e9 dosp\u011bl\u00e9. P\u0159ipravoval grantov\u00e9 \u017e\u00e1dosti <br \/>na mezin\u00e1rodn\u00ed projekty a pozd\u011bji se za\u010dal starat tak\u00e9 o jejich zd\u00e1rnou realizaci. Tak aby vzd\u011bl\u00e1v\u00e1n\u00ed bylo p\u0159\u00edjemn\u00e9 jak pro \u00fa\u010dastn\u00edky <br \/>ale i objednatele a lektorstvo.<\/span><\/p>\t\t\t\t\t\t<\/div>\n\t\t\t\t<\/div>\n\t\t\t\t<div class=\"elementor-element elementor-element-f8fc2b8 elementor-widget elementor-widget-heading\" data-id=\"f8fc2b8\" data-element_type=\"widget\" data-widget_type=\"heading.default\">\n\t\t\t\t<div class=\"elementor-widget-container\">\n\t\t\t<h3 class=\"elementor-heading-title elementor-size-default\"><a href=\"mailto:edu@klimazaloba.cz\">Hlavn\u00ed kontakt : edu@klimazaloba.cz<\/a><\/h3>\t\t<\/div>\n\t\t\t\t<\/div>\n\t\t\t\t<\/div>\n\t\t\t\t\t<\/div>\n\t\t\t\t<\/div>\n\t\t<a data-eael-wrapper-link=\"{&quot;url&quot;:&quot;https:\\\/\\\/klimaradi.klimazaloba.cz\\\/index.php\\\/pravnidilna\\\/https:\\\/\\\/klimaradi.klimazaloba.cz\\\/index.php\\\/pravnidilna\\\/&quot;,&quot;is_external&quot;:&quot;&quot;,&quot;nofollow&quot;:&quot;&quot;}\" class=\"elementor-element elementor-element-319c65e e-flex e-con-boxed e-con e-child\" data-id=\"319c65e\" data-element_type=\"container\" data-settings=\"{&quot;container_type&quot;:&quot;flex&quot;,&quot;content_width&quot;:&quot;boxed&quot;}\" href=\"https:\/\/klimaradi.klimazaloba.cz\/index.php\/pravnidilna\/\">\n\t\t\t\t\t<div class=\"e-con-inner\">\n\t\t\t\t<div class=\"elementor-element elementor-element-7039d6a elementor-widget elementor-widget-spacer\" data-id=\"7039d6a\" data-element_type=\"widget\" data-widget_type=\"spacer.default\">\n\t\t\t\t<div class=\"elementor-widget-container\">\n\t\t\t\t\t<div class=\"elementor-spacer\">\n\t\t\t<div class=\"elementor-spacer-inner\"><\/div>\n\t\t<\/div>\n\t\t\t\t<\/div>\n\t\t\t\t<\/div>\n\t\t\t\t<div class=\"elementor-element elementor-element-fc23278 elementor-widget elementor-widget-text-editor\" data-id=\"fc23278\" data-element_type=\"widget\" data-widget_type=\"text-editor.default\">\n\t\t\t\t<div class=\"elementor-widget-container\">\n\t\t\t\t\t\t\t<p><a href=\"https:\/\/klimaradi.klimazaloba.cz\/index.php\/pravnidilna\/\">M\u00e1te z\u00e1jem o projekt pro neziskovky?<\/a><\/p>\t\t\t\t\t\t<\/div>\n\t\t\t\t<\/div>\n\t\t\t\t<div class=\"elementor-element elementor-element-c15ab85 elementor-widget elementor-widget-image\" data-id=\"c15ab85\" data-element_type=\"widget\" data-widget_type=\"image.default\">\n\t\t\t\t<div class=\"elementor-widget-container\">\n\t\t\t\t\t\t\t\t\t\t\t\t\t\t\t<img decoding=\"async\" width=\"300\" height=\"290\" src=\"https:\/\/i0.wp.com\/klimaradi.klimazaloba.cz\/wp-content\/uploads\/2023\/09\/Logo-Klimaradi-fin-ver.png?fit=300%2C290&amp;ssl=1\" class=\"elementor-animation-grow attachment-medium size-medium wp-image-303\" alt=\"Klimar\u00e1di pr\u00e1vn\u00ed d\u00edlny\" srcset=\"https:\/\/i0.wp.com\/klimaradi.klimazaloba.cz\/wp-content\/uploads\/2023\/09\/Logo-Klimaradi-fin-ver.png?w=852&amp;ssl=1 852w, https:\/\/i0.wp.com\/klimaradi.klimazaloba.cz\/wp-content\/uploads\/2023\/09\/Logo-Klimaradi-fin-ver.png?resize=300%2C290&amp;ssl=1 300w, https:\/\/i0.wp.com\/klimaradi.klimazaloba.cz\/wp-content\/uploads\/2023\/09\/Logo-Klimaradi-fin-ver.png?resize=768%2C743&amp;ssl=1 768w\" sizes=\"(max-width: 300px) 100vw, 300px\" \/>\t\t\t\t\t\t\t\t\t\t\t\t\t\t\t<\/div>\n\t\t\t\t<\/div>\n\t\t\t\t<div class=\"elementor-element elementor-element-074634b elementor-widget elementor-widget-heading\" data-id=\"074634b\" data-element_type=\"widget\" data-widget_type=\"heading.default\">\n\t\t\t\t<div class=\"elementor-widget-container\">\n\t\t\t<h2 class=\"elementor-heading-title elementor-size-default\">Pr\u00e1vn\u00ed d\u00edlna <br> pro neziskovky<\/h2>\t\t<\/div>\n\t\t\t\t<\/div>\n\t\t\t\t<div class=\"elementor-element elementor-element-5070abc elementor-widget elementor-widget-text-editor\" data-id=\"5070abc\" data-element_type=\"widget\" data-widget_type=\"text-editor.default\">\n\t\t\t\t<div class=\"elementor-widget-container\">\n\t\t\t\t\t\t\t<p>Projekt Klimar\u00e1di vznikl pod z\u00e1\u0161titou <a href=\"https:\/\/www.klimazaloba.cz\">spolku Klimatick\u00e1 \u017daloba<\/a> a je podporov\u00e1n <a href=\"https:\/\/agitproject.info\">organizac\u00ed AGIT<\/a> (Activation of young generation in the times of Climate policy).<\/p>\t\t\t\t\t\t<\/div>\n\t\t\t\t<\/div>\n\t\t\t\t\t<\/div>\n\t\t\t\t<\/a>\n\t\t\t\t\t\t\t<\/div>\n\t\t","protected":false},"excerpt":{"rendered":"<p>Tento projekt do\u0161el ke konci V p\u0159\u00edpad\u011b z\u00e1jmu o dal\u0161\u00ed pr\u00e1vn\u00ed d\u00edlnu n\u00e1m napi\u0161te @klimazaloba na instagramu \u010di info@klimazaloba.cz Klimar\u00e1di pro St\u0159edn\u00ed \u0161koly Napi\u0161te n\u00e1m : edu@klimazaloba.cz Tento projekt do\u0161el ke zd\u00e1rn\u00e9mu konci, v p\u0159\u00edpad\u011b z\u00e1jmu o dal\u0161\u00ed semin\u00e1\u0159 n\u00e1m napi\u0161te @klimazaloba na instagramu \u010di info@klimazaloba.cz Co je semin\u00e1\u0159 Klimar\u00e1di? Klimar\u00e1di pro st\u0159edn\u00ed \u0161koly je [&hellip;]<\/p>\n","protected":false},"author":1,"featured_media":607,"parent":0,"menu_order":0,"comment_status":"closed","ping_status":"closed","template":"","meta":{"site-sidebar-layout":"no-sidebar","site-content-layout":"page-builder","ast-site-content-layout":"full-width-container","site-content-style":"unboxed","site-sidebar-style":"unboxed","ast-global-header-display":"","ast-banner-title-visibility":"","ast-main-header-display":"","ast-hfb-above-header-display":"","ast-hfb-below-header-display":"","ast-hfb-mobile-header-display":"","site-post-title":"disabled","ast-breadcrumbs-content":"","ast-featured-img":"disabled","footer-sml-layout":"","theme-transparent-header-meta":"","adv-header-id-meta":"","stick-header-meta":"","header-above-stick-meta":"","header-main-stick-meta":"","header-below-stick-meta":"","astra-migrate-meta-layouts":"set","ast-page-background-enabled":"default","ast-page-background-meta":{"desktop":{"background-color":"var(--ast-global-color-4)","background-image":"","background-repeat":"repeat","background-position":"center center","background-size":"auto","background-attachment":"scroll","background-type":"","background-media":"","overlay-type":"","overlay-color":"","overlay-gradient":""},"tablet":{"background-color":"","background-image":"","background-repeat":"repeat","background-position":"center center","background-size":"auto","background-attachment":"scroll","background-type":"","background-media":"","overlay-type":"","overlay-color":"","overlay-gradient":""},"mobile":{"background-color":"","background-image":"","background-repeat":"repeat","background-position":"center center","background-size":"auto","background-attachment":"scroll","background-type":"","background-media":"","overlay-type":"","overlay-color":"","overlay-gradient":""}},"ast-content-background-meta":{"desktop":{"background-color":"var(--ast-global-color-5)","background-image":"","background-repeat":"repeat","background-position":"center center","background-size":"auto","background-attachment":"scroll","background-type":"","background-media":"","overlay-type":"","overlay-color":"","overlay-gradient":""},"tablet":{"background-color":"var(--ast-global-color-5)","background-image":"","background-repeat":"repeat","background-position":"center center","background-size":"auto","background-attachment":"scroll","background-type":"","background-media":"","overlay-type":"","overlay-color":"","overlay-gradient":""},"mobile":{"background-color":"var(--ast-global-color-5)","background-image":"","background-repeat":"repeat","background-position":"center center","background-size":"auto","background-attachment":"scroll","background-type":"","background-media":"","overlay-type":"","overlay-color":"","overlay-gradient":""}},"footnotes":""},"yoast_head":"<!-- This site is optimized with the Yoast SEO plugin v21.8.1 - https:\/\/yoast.com\/wordpress\/plugins\/seo\/ -->\n<title>St\u0159edn\u00ed \u0161koly *<\/title>\n<meta name=\"description\" content=\"Klimar\u00e1di pro st\u0159edn\u00ed \u0161koly: v \u010desku unik\u00e1tn\u00ed program pro propojuj\u00edc\u00ed pr\u00e1vo a zm\u011bnu klimatu. Uspo\u0159\u00e1d\u00e1me semin\u00e1\u0159 i na va\u0161\u00ed \u0161kole.\" \/>\n<meta name=\"robots\" content=\"index, follow, max-snippet:-1, max-image-preview:large, max-video-preview:-1\" \/>\n<link rel=\"canonical\" href=\"https:\/\/klimaradi.klimazaloba.cz\/index.php\/stredniskoly\/\" \/>\n<meta property=\"og:locale\" content=\"en_US\" \/>\n<meta property=\"og:type\" content=\"article\" \/>\n<meta property=\"og:title\" content=\"Klimar\u00e1di pro St\u0159edn\u00ed \u0161koly\" \/>\n<meta property=\"og:description\" content=\"Klimar\u00e1di pro st\u0159edn\u00ed \u0161koly: v \u010desku unik\u00e1tn\u00ed program pro propojuj\u00edc\u00ed pr\u00e1vo a zm\u011bnu klimatu. Uspo\u0159\u00e1d\u00e1me semin\u00e1\u0159 i na va\u0161\u00ed \u0161kole.\" \/>\n<meta property=\"og:url\" content=\"https:\/\/klimaradi.klimazaloba.cz\/index.php\/stredniskoly\/\" \/>\n<meta property=\"article:publisher\" content=\"https:\/\/www.facebook.com\/klimatickazaloba\" \/>\n<meta property=\"article:modified_time\" content=\"2024-06-29T11:50:13+00:00\" \/>\n<meta property=\"og:image\" content=\"https:\/\/klimaradi.klimazaloba.cz\/wp-content\/uploads\/2024\/01\/Klimaradi-seoo.png\" \/>\n\t<meta property=\"og:image:width\" content=\"3746\" \/>\n\t<meta property=\"og:image:height\" content=\"2918\" \/>\n\t<meta property=\"og:image:type\" content=\"image\/png\" \/>\n<meta name=\"twitter:card\" content=\"summary_large_image\" \/>\n<meta name=\"twitter:site\" content=\"@KZaloba\" \/>\n<meta name=\"twitter:label1\" content=\"Est. reading time\" \/>\n\t<meta name=\"twitter:data1\" content=\"4 minutes\" \/>\n<script type=\"application\/ld+json\" class=\"yoast-schema-graph\">{\"@context\":\"https:\/\/schema.org\",\"@graph\":[{\"@type\":\"WebPage\",\"@id\":\"https:\/\/klimaradi.klimazaloba.cz\/index.php\/stredniskoly\/\",\"url\":\"https:\/\/klimaradi.klimazaloba.cz\/index.php\/stredniskoly\/\",\"name\":\"St\u0159edn\u00ed \u0161koly *\",\"isPartOf\":{\"@id\":\"https:\/\/klimaradi.klimazaloba.cz\/#website\"},\"datePublished\":\"2024-01-15T14:28:05+00:00\",\"dateModified\":\"2024-06-29T11:50:13+00:00\",\"description\":\"Klimar\u00e1di pro st\u0159edn\u00ed \u0161koly: v \u010desku unik\u00e1tn\u00ed program pro propojuj\u00edc\u00ed pr\u00e1vo a zm\u011bnu klimatu. Uspo\u0159\u00e1d\u00e1me semin\u00e1\u0159 i na va\u0161\u00ed \u0161kole.\",\"breadcrumb\":{\"@id\":\"https:\/\/klimaradi.klimazaloba.cz\/index.php\/stredniskoly\/#breadcrumb\"},\"inLanguage\":\"en-US\",\"potentialAction\":[{\"@type\":\"ReadAction\",\"target\":[\"https:\/\/klimaradi.klimazaloba.cz\/index.php\/stredniskoly\/\"]}]},{\"@type\":\"BreadcrumbList\",\"@id\":\"https:\/\/klimaradi.klimazaloba.cz\/index.php\/stredniskoly\/#breadcrumb\",\"itemListElement\":[{\"@type\":\"ListItem\",\"position\":1,\"name\":\"Home\",\"item\":\"https:\/\/klimaradi.klimazaloba.cz\/\"},{\"@type\":\"ListItem\",\"position\":2,\"name\":\"St\u0159edn\u00ed \u0161koly\"}]},{\"@type\":\"WebSite\",\"@id\":\"https:\/\/klimaradi.klimazaloba.cz\/#website\",\"url\":\"https:\/\/klimaradi.klimazaloba.cz\/\",\"name\":\"Klimar\u00e1di\",\"description\":\"Klimar\u00e1di jsou srdcem vzd\u011bl\u00e1v\u00e1n\u00ed v oblasti zm\u011bny klimatu. Poskytuje pr\u00e1vn\u00ed z\u00e1klady st\u0159edo\u0161kol\u00e1k\u016fm a neziskovk\u00e1m.\",\"publisher\":{\"@id\":\"https:\/\/klimaradi.klimazaloba.cz\/#organization\"},\"alternateName\":\"Klimar\u00e1di\",\"potentialAction\":[{\"@type\":\"SearchAction\",\"target\":{\"@type\":\"EntryPoint\",\"urlTemplate\":\"https:\/\/klimaradi.klimazaloba.cz\/?s={search_term_string}\"},\"query-input\":\"required name=search_term_string\"}],\"inLanguage\":\"en-US\"},{\"@type\":\"Organization\",\"@id\":\"https:\/\/klimaradi.klimazaloba.cz\/#organization\",\"name\":\"Klimar\u00e1di\",\"url\":\"https:\/\/klimaradi.klimazaloba.cz\/\",\"logo\":{\"@type\":\"ImageObject\",\"inLanguage\":\"en-US\",\"@id\":\"https:\/\/klimaradi.klimazaloba.cz\/#\/schema\/logo\/image\/\",\"url\":\"https:\/\/i0.wp.com\/klimaradi.klimazaloba.cz\/wp-content\/uploads\/2024\/01\/Klimaradi-seoo.png?fit=3746%2C2918&ssl=1\",\"contentUrl\":\"https:\/\/i0.wp.com\/klimaradi.klimazaloba.cz\/wp-content\/uploads\/2024\/01\/Klimaradi-seoo.png?fit=3746%2C2918&ssl=1\",\"width\":3746,\"height\":2918,\"caption\":\"Klimar\u00e1di\"},\"image\":{\"@id\":\"https:\/\/klimaradi.klimazaloba.cz\/#\/schema\/logo\/image\/\"},\"sameAs\":[\"https:\/\/www.facebook.com\/klimatickazaloba\",\"https:\/\/twitter.com\/KZaloba\",\"https:\/\/www.instagram.com\/klimazaloba\/\"]}]}<\/script>\n<!-- \/ Yoast SEO plugin. -->","yoast_head_json":{"title":"St\u0159edn\u00ed \u0161koly *","description":"Klimar\u00e1di pro st\u0159edn\u00ed \u0161koly: v \u010desku unik\u00e1tn\u00ed program pro propojuj\u00edc\u00ed pr\u00e1vo a zm\u011bnu klimatu. Uspo\u0159\u00e1d\u00e1me semin\u00e1\u0159 i na va\u0161\u00ed \u0161kole.","robots":{"index":"index","follow":"follow","max-snippet":"max-snippet:-1","max-image-preview":"max-image-preview:large","max-video-preview":"max-video-preview:-1"},"canonical":"https:\/\/klimaradi.klimazaloba.cz\/index.php\/stredniskoly\/","og_locale":"en_US","og_type":"article","og_title":"Klimar\u00e1di pro St\u0159edn\u00ed \u0161koly","og_description":"Klimar\u00e1di pro st\u0159edn\u00ed \u0161koly: v \u010desku unik\u00e1tn\u00ed program pro propojuj\u00edc\u00ed pr\u00e1vo a zm\u011bnu klimatu. Uspo\u0159\u00e1d\u00e1me semin\u00e1\u0159 i na va\u0161\u00ed \u0161kole.","og_url":"https:\/\/klimaradi.klimazaloba.cz\/index.php\/stredniskoly\/","article_publisher":"https:\/\/www.facebook.com\/klimatickazaloba","article_modified_time":"2024-06-29T11:50:13+00:00","og_image":[{"width":3746,"height":2918,"url":"https:\/\/klimaradi.klimazaloba.cz\/wp-content\/uploads\/2024\/01\/Klimaradi-seoo.png","type":"image\/png"}],"twitter_card":"summary_large_image","twitter_site":"@KZaloba","twitter_misc":{"Est. reading time":"4 minutes"},"schema":{"@context":"https:\/\/schema.org","@graph":[{"@type":"WebPage","@id":"https:\/\/klimaradi.klimazaloba.cz\/index.php\/stredniskoly\/","url":"https:\/\/klimaradi.klimazaloba.cz\/index.php\/stredniskoly\/","name":"St\u0159edn\u00ed \u0161koly *","isPartOf":{"@id":"https:\/\/klimaradi.klimazaloba.cz\/#website"},"datePublished":"2024-01-15T14:28:05+00:00","dateModified":"2024-06-29T11:50:13+00:00","description":"Klimar\u00e1di pro st\u0159edn\u00ed \u0161koly: v \u010desku unik\u00e1tn\u00ed program pro propojuj\u00edc\u00ed pr\u00e1vo a zm\u011bnu klimatu. Uspo\u0159\u00e1d\u00e1me semin\u00e1\u0159 i na va\u0161\u00ed \u0161kole.","breadcrumb":{"@id":"https:\/\/klimaradi.klimazaloba.cz\/index.php\/stredniskoly\/#breadcrumb"},"inLanguage":"en-US","potentialAction":[{"@type":"ReadAction","target":["https:\/\/klimaradi.klimazaloba.cz\/index.php\/stredniskoly\/"]}]},{"@type":"BreadcrumbList","@id":"https:\/\/klimaradi.klimazaloba.cz\/index.php\/stredniskoly\/#breadcrumb","itemListElement":[{"@type":"ListItem","position":1,"name":"Home","item":"https:\/\/klimaradi.klimazaloba.cz\/"},{"@type":"ListItem","position":2,"name":"St\u0159edn\u00ed \u0161koly"}]},{"@type":"WebSite","@id":"https:\/\/klimaradi.klimazaloba.cz\/#website","url":"https:\/\/klimaradi.klimazaloba.cz\/","name":"Klimar\u00e1di","description":"Klimar\u00e1di jsou srdcem vzd\u011bl\u00e1v\u00e1n\u00ed v oblasti zm\u011bny klimatu. Poskytuje pr\u00e1vn\u00ed z\u00e1klady st\u0159edo\u0161kol\u00e1k\u016fm a neziskovk\u00e1m.","publisher":{"@id":"https:\/\/klimaradi.klimazaloba.cz\/#organization"},"alternateName":"Klimar\u00e1di","potentialAction":[{"@type":"SearchAction","target":{"@type":"EntryPoint","urlTemplate":"https:\/\/klimaradi.klimazaloba.cz\/?s={search_term_string}"},"query-input":"required name=search_term_string"}],"inLanguage":"en-US"},{"@type":"Organization","@id":"https:\/\/klimaradi.klimazaloba.cz\/#organization","name":"Klimar\u00e1di","url":"https:\/\/klimaradi.klimazaloba.cz\/","logo":{"@type":"ImageObject","inLanguage":"en-US","@id":"https:\/\/klimaradi.klimazaloba.cz\/#\/schema\/logo\/image\/","url":"https:\/\/i0.wp.com\/klimaradi.klimazaloba.cz\/wp-content\/uploads\/2024\/01\/Klimaradi-seoo.png?fit=3746%2C2918&ssl=1","contentUrl":"https:\/\/i0.wp.com\/klimaradi.klimazaloba.cz\/wp-content\/uploads\/2024\/01\/Klimaradi-seoo.png?fit=3746%2C2918&ssl=1","width":3746,"height":2918,"caption":"Klimar\u00e1di"},"image":{"@id":"https:\/\/klimaradi.klimazaloba.cz\/#\/schema\/logo\/image\/"},"sameAs":["https:\/\/www.facebook.com\/klimatickazaloba","https:\/\/twitter.com\/KZaloba","https:\/\/www.instagram.com\/klimazaloba\/"]}]}},"jetpack_sharing_enabled":true,"jetpack-related-posts":[{"id":7,"url":"https:\/\/klimaradi.klimazaloba.cz\/","url_meta":{"origin":469,"position":0},"title":"Home","author":"admin","date":"July 15, 2023","format":false,"excerpt":"Semin\u00e1\u0159 pro St\u0159edn\u00ed \u0161koly \u25ba pr\u00e1vn\u00ed p\u0159\u00edru\u010dka \u25ba Pr\u00e1vn\u00ed d\u00edlna pro neziskovky \u25ba Semin\u00e1\u0159 pro St\u0159edn\u00ed \u0161koly \u25ba pr\u00e1vn\u00ed p\u0159\u00edru\u010dka \u25ba Pr\u00e1vn\u00ed d\u00edlna pro neziskovky \u25ba Projekt Klimar\u00e1di, zam\u011b\u0159en\u00fd na poskytov\u00e1n\u00ed komplexn\u00edho vzd\u011bl\u00e1vac\u00edho programu pro st\u0159edo\u0161kolsk\u00e9 studenty a neziskov\u00e9 organizace, \u00fasp\u011b\u0161n\u011b dos\u00e1hl sv\u00e9ho c\u00edle v rozvoji pr\u00e1vn\u00edch dovednost\u00ed v oblasti\u2026","rel":"","context":"Similar post","block_context":{"text":"Similar post","link":""},"img":{"alt_text":"Klimar\u00e1di seo","src":"https:\/\/i0.wp.com\/klimaradi.klimazaloba.cz\/wp-content\/uploads\/2024\/01\/Klimaradi-seoo.png?fit=1200%2C935&ssl=1&resize=350%2C200","width":350,"height":200,"srcset":"https:\/\/i0.wp.com\/klimaradi.klimazaloba.cz\/wp-content\/uploads\/2024\/01\/Klimaradi-seoo.png?fit=1200%2C935&ssl=1&resize=350%2C200 1x, https:\/\/i0.wp.com\/klimaradi.klimazaloba.cz\/wp-content\/uploads\/2024\/01\/Klimaradi-seoo.png?fit=1200%2C935&ssl=1&resize=525%2C300 1.5x, https:\/\/i0.wp.com\/klimaradi.klimazaloba.cz\/wp-content\/uploads\/2024\/01\/Klimaradi-seoo.png?fit=1200%2C935&ssl=1&resize=700%2C400 2x, https:\/\/i0.wp.com\/klimaradi.klimazaloba.cz\/wp-content\/uploads\/2024\/01\/Klimaradi-seoo.png?fit=1200%2C935&ssl=1&resize=1050%2C600 3x"},"classes":[]},{"id":1308,"url":"https:\/\/klimaradi.klimazaloba.cz\/index.php\/dokumentace\/","url_meta":{"origin":469,"position":1},"title":"Dokumentace","author":"admin","date":"June 29, 2024","format":false,"excerpt":"dokumentace projektu klimar\u00e1di 0 Student\u016f pro\u0161lo semin\u00e1\u0159em klimar\u00e1d\u016f 0 P\u0159\u00edru\u010dka 0 Neziskov\u00fdch participant\u016f pro\u0161lo pr\u00e1vn\u00ed d\u00edlnou Projekt Klimar\u00e1di, zam\u011b\u0159en\u00fd na poskytov\u00e1n\u00ed komplexn\u00edho vzd\u011bl\u00e1vac\u00edho programu pro st\u0159edo\u0161kolsk\u00e9 studenty a neziskov\u00e9 organizace, \u00fasp\u011b\u0161n\u011b dos\u00e1hl sv\u00e9ho c\u00edle v rozvoji pr\u00e1vn\u00edch dovednost\u00ed v oblasti klimatick\u00e9ho aktivismu a aktivn\u00edho ob\u010danstv\u00ed. Prost\u0159ednictv\u00edm na\u0161ich semin\u00e1\u0159\u016f a workshop\u016f\u2026","rel":"","context":"Similar post","block_context":{"text":"Similar post","link":""},"img":{"alt_text":"","src":"https:\/\/i0.wp.com\/klimaradi.klimazaloba.cz\/wp-content\/uploads\/2024\/02\/planeta-klimaradi.webp?fit=1024%2C1024&ssl=1&resize=350%2C200","width":350,"height":200,"srcset":"https:\/\/i0.wp.com\/klimaradi.klimazaloba.cz\/wp-content\/uploads\/2024\/02\/planeta-klimaradi.webp?fit=1024%2C1024&ssl=1&resize=350%2C200 1x, https:\/\/i0.wp.com\/klimaradi.klimazaloba.cz\/wp-content\/uploads\/2024\/02\/planeta-klimaradi.webp?fit=1024%2C1024&ssl=1&resize=525%2C300 1.5x, https:\/\/i0.wp.com\/klimaradi.klimazaloba.cz\/wp-content\/uploads\/2024\/02\/planeta-klimaradi.webp?fit=1024%2C1024&ssl=1&resize=700%2C400 2x"},"classes":[]},{"id":546,"url":"https:\/\/klimaradi.klimazaloba.cz\/index.php\/akce\/","url_meta":{"origin":469,"position":2},"title":"AKCE","author":"admin","date":"January 15, 2024","format":false,"excerpt":"HTML marquee Tag NOVINKA Semin\u00e1\u0159e o ochran\u011b klimatu a pr\u00e1vu! NOVINKA Semin\u00e1\u0159e o ochran\u011b klimatu a pr\u00e1vu! NOVINKA Semin\u00e1\u0159e o ochran\u011b klimatu a pr\u00e1vu! NOVINKA Semin\u00e1\u0159e o ochran\u011b klimatu a pr\u00e1vu! NOVINKA Semin\u00e1\u0159e o ochran\u011b klimatu a pr\u00e1vu! NOVINKA Semin\u00e1\u0159e o ochran\u011b klimatu a pr\u00e1vu! NOVINKA Semin\u00e1\u0159e o ochran\u011b klimatu\u2026","rel":"","context":"Similar post","block_context":{"text":"Similar post","link":""},"img":{"alt_text":"Klimar\u00e1di seo","src":"https:\/\/i0.wp.com\/klimaradi.klimazaloba.cz\/wp-content\/uploads\/2024\/01\/Klimaradi-seoo.png?fit=1200%2C935&ssl=1&resize=350%2C200","width":350,"height":200,"srcset":"https:\/\/i0.wp.com\/klimaradi.klimazaloba.cz\/wp-content\/uploads\/2024\/01\/Klimaradi-seoo.png?fit=1200%2C935&ssl=1&resize=350%2C200 1x, https:\/\/i0.wp.com\/klimaradi.klimazaloba.cz\/wp-content\/uploads\/2024\/01\/Klimaradi-seoo.png?fit=1200%2C935&ssl=1&resize=525%2C300 1.5x, https:\/\/i0.wp.com\/klimaradi.klimazaloba.cz\/wp-content\/uploads\/2024\/01\/Klimaradi-seoo.png?fit=1200%2C935&ssl=1&resize=700%2C400 2x, https:\/\/i0.wp.com\/klimaradi.klimazaloba.cz\/wp-content\/uploads\/2024\/01\/Klimaradi-seoo.png?fit=1200%2C935&ssl=1&resize=1050%2C600 3x"},"classes":[]},{"id":464,"url":"https:\/\/klimaradi.klimazaloba.cz\/index.php\/pravnidilna\/","url_meta":{"origin":469,"position":3},"title":"Pr\u00e1vn\u00ed d\u00edlna","author":"admin","date":"January 15, 2024","format":false,"excerpt":"NAB\u00cdZ\u00cdME V\u0160EM NEZISKOVK\u00c1M A KOLEKTIV\u016eM, KTER\u00c9 SE ZAJ\u00cdMAJ\u00cd O KLIMA, NOV\u00dd SEMIN\u00c1\u0158 \"Pr\u00e1vn\u00ed d\u00edlna\" Napi\u0161te n\u00e1m : edu@klimazaloba.cz Co je to Pr\u00e1vn\u00ed d\u00edlna?interaktivn\u00ed, velmi prakticky zam\u011b\u0159en\u00fd pr\u00e1vn\u00ed semin\u00e1\u0159 veden\u00fd dv\u011bma ost\u0159\u00edlen\u00fdmi pr\u00e1vn\u00edky;pro 8 - 24 lid\u00ed se z\u00e1jmem o klimatick\u00fd aktivismus, zku\u0161en\u00e9 i nov\u00e1\u010dkytrv\u00e1 3 hodiny, prob\u011bhne zdarma offline p\u0159\u00edmo\u2026","rel":"","context":"Similar post","block_context":{"text":"Similar post","link":""},"img":{"alt_text":"Klimar\u00e1di pr\u00e1vn\u00ed d\u00edlny","src":"https:\/\/i0.wp.com\/klimaradi.klimazaloba.cz\/wp-content\/uploads\/2023\/09\/Logo-Klimaradi-fin-ver.png?fit=852%2C824&ssl=1&resize=350%2C200","width":350,"height":200,"srcset":"https:\/\/i0.wp.com\/klimaradi.klimazaloba.cz\/wp-content\/uploads\/2023\/09\/Logo-Klimaradi-fin-ver.png?fit=852%2C824&ssl=1&resize=350%2C200 1x, https:\/\/i0.wp.com\/klimaradi.klimazaloba.cz\/wp-content\/uploads\/2023\/09\/Logo-Klimaradi-fin-ver.png?fit=852%2C824&ssl=1&resize=525%2C300 1.5x, https:\/\/i0.wp.com\/klimaradi.klimazaloba.cz\/wp-content\/uploads\/2023\/09\/Logo-Klimaradi-fin-ver.png?fit=852%2C824&ssl=1&resize=700%2C400 2x"},"classes":[]},{"id":966,"url":"https:\/\/klimaradi.klimazaloba.cz\/index.php\/pravni-prirucka\/","url_meta":{"origin":469,"position":4},"title":"Pr\u00e1vn\u00ed p\u0159\u00edru\u010dka","author":"admin","date":"February 18, 2024","format":false,"excerpt":"pr\u00e1vo v akci: p\u0159\u00edru\u010dka klimar\u00e1d\u016f p\u0159\u00edru\u010dka k nahl\u00e9dnut\u00ed a ke sta\u017een\u00ed Pr\u00e1vn\u00ed p\u0159\u00edru\u010dka ke sta\u017een\u00ed zde Obsahuje jednoduch\u00e9 vysv\u011btlen\u00ed kl\u00ed\u010dov\u00fdch pr\u00e1vn\u00edch n\u00e1stroj\u016f pro aktivn\u00ed ob\u010dany dopln\u011bn\u00e9 o re\u00e1ln\u00e9 p\u0159\u00edklady z praxe, a to v oblastech \u00a0pap\u00edrov\u00fd aktivismus, demonstrace, policie a ob\u010dansk\u00e1 neposlu\u0161nost.P\u0159\u00edru\u010dku jsme vytvo\u0159ili v r\u00e1mci vzd\u011bl\u00e1vac\u00edho projektu Klimar\u00e1di s\u2026","rel":"","context":"Similar post","block_context":{"text":"Similar post","link":""},"img":{"alt_text":"","src":"https:\/\/i0.wp.com\/klimaradi.klimazaloba.cz\/wp-content\/uploads\/2024\/02\/Pravni-prirucka-seo.png?fit=1200%2C850&ssl=1&resize=350%2C200","width":350,"height":200,"srcset":"https:\/\/i0.wp.com\/klimaradi.klimazaloba.cz\/wp-content\/uploads\/2024\/02\/Pravni-prirucka-seo.png?fit=1200%2C850&ssl=1&resize=350%2C200 1x, https:\/\/i0.wp.com\/klimaradi.klimazaloba.cz\/wp-content\/uploads\/2024\/02\/Pravni-prirucka-seo.png?fit=1200%2C850&ssl=1&resize=525%2C300 1.5x, https:\/\/i0.wp.com\/klimaradi.klimazaloba.cz\/wp-content\/uploads\/2024\/02\/Pravni-prirucka-seo.png?fit=1200%2C850&ssl=1&resize=700%2C400 2x, https:\/\/i0.wp.com\/klimaradi.klimazaloba.cz\/wp-content\/uploads\/2024\/02\/Pravni-prirucka-seo.png?fit=1200%2C850&ssl=1&resize=1050%2C600 3x"},"classes":[]}],"_links":{"self":[{"href":"https:\/\/klimaradi.klimazaloba.cz\/index.php\/wp-json\/wp\/v2\/pages\/469"}],"collection":[{"href":"https:\/\/klimaradi.klimazaloba.cz\/index.php\/wp-json\/wp\/v2\/pages"}],"about":[{"href":"https:\/\/klimaradi.klimazaloba.cz\/index.php\/wp-json\/wp\/v2\/types\/page"}],"author":[{"embeddable":true,"href":"https:\/\/klimaradi.klimazaloba.cz\/index.php\/wp-json\/wp\/v2\/users\/1"}],"replies":[{"embeddable":true,"href":"https:\/\/klimaradi.klimazaloba.cz\/index.php\/wp-json\/wp\/v2\/comments?post=469"}],"version-history":[{"count":121,"href":"https:\/\/klimaradi.klimazaloba.cz\/index.php\/wp-json\/wp\/v2\/pages\/469\/revisions"}],"predecessor-version":[{"id":1422,"href":"https:\/\/klimaradi.klimazaloba.cz\/index.php\/wp-json\/wp\/v2\/pages\/469\/revisions\/1422"}],"wp:featuredmedia":[{"embeddable":true,"href":"https:\/\/klimaradi.klimazaloba.cz\/index.php\/wp-json\/wp\/v2\/media\/607"}],"wp:attachment":[{"href":"https:\/\/klimaradi.klimazaloba.cz\/index.php\/wp-json\/wp\/v2\/media?parent=469"}],"curies":[{"name":"wp","href":"https:\/\/api.w.org\/{rel}","templated":true}]}}