{"id":966,"date":"2024-02-18T00:10:59","date_gmt":"2024-02-18T00:10:59","guid":{"rendered":"https:\/\/klimaradi.klimazaloba.cz\/?page_id=966"},"modified":"2024-04-18T17:52:06","modified_gmt":"2024-04-18T17:52:06","slug":"pravni-prirucka","status":"publish","type":"page","link":"https:\/\/klimaradi.klimazaloba.cz\/index.php\/pravni-prirucka\/","title":{"rendered":"Pr\u00e1vn\u00ed p\u0159\u00edru\u010dka"},"content":{"rendered":"\t\t<div data-elementor-type=\"wp-page\" data-elementor-id=\"966\" class=\"elementor elementor-966\">\n\t\t\t\t\t\t\t<div class=\"elementor-element elementor-element-2d8234e e-flex e-con-boxed e-con e-parent\" data-id=\"2d8234e\" data-element_type=\"container\" data-settings=\"{&quot;container_type&quot;:&quot;flex&quot;,&quot;content_width&quot;:&quot;boxed&quot;}\" data-core-v316-plus=\"true\">\n\t\t\t\t\t<div class=\"e-con-inner\">\n\t\t\t\t<div class=\"elementor-element elementor-element-7cb4db3 elementor-widget elementor-widget-spacer\" data-id=\"7cb4db3\" data-element_type=\"widget\" data-widget_type=\"spacer.default\">\n\t\t\t\t<div class=\"elementor-widget-container\">\n\t\t\t<style>\/*! elementor - v3.18.0 - 20-12-2023 *\/\n.elementor-column .elementor-spacer-inner{height:var(--spacer-size)}.e-con{--container-widget-width:100%}.e-con-inner>.elementor-widget-spacer,.e-con>.elementor-widget-spacer{width:var(--container-widget-width,var(--spacer-size));--align-self:var(--container-widget-align-self,initial);--flex-shrink:0}.e-con-inner>.elementor-widget-spacer>.elementor-widget-container,.e-con>.elementor-widget-spacer>.elementor-widget-container{height:100%;width:100%}.e-con-inner>.elementor-widget-spacer>.elementor-widget-container>.elementor-spacer,.e-con>.elementor-widget-spacer>.elementor-widget-container>.elementor-spacer{height:100%}.e-con-inner>.elementor-widget-spacer>.elementor-widget-container>.elementor-spacer>.elementor-spacer-inner,.e-con>.elementor-widget-spacer>.elementor-widget-container>.elementor-spacer>.elementor-spacer-inner{height:var(--container-widget-height,var(--spacer-size))}.e-con-inner>.elementor-widget-spacer.elementor-widget-empty,.e-con>.elementor-widget-spacer.elementor-widget-empty{position:relative;min-height:22px;min-width:22px}.e-con-inner>.elementor-widget-spacer.elementor-widget-empty .elementor-widget-empty-icon,.e-con>.elementor-widget-spacer.elementor-widget-empty .elementor-widget-empty-icon{position:absolute;top:0;bottom:0;left:0;right:0;margin:auto;padding:0;width:22px;height:22px}<\/style>\t\t<div class=\"elementor-spacer\">\n\t\t\t<div class=\"elementor-spacer-inner\"><\/div>\n\t\t<\/div>\n\t\t\t\t<\/div>\n\t\t\t\t<\/div>\n\t\t\t\t<div class=\"elementor-element elementor-element-00b3688 elementor-widget elementor-widget-heading\" data-id=\"00b3688\" data-element_type=\"widget\" data-widget_type=\"heading.default\">\n\t\t\t\t<div class=\"elementor-widget-container\">\n\t\t\t<style>\/*! elementor - v3.18.0 - 20-12-2023 *\/\n.elementor-heading-title{padding:0;margin:0;line-height:1}.elementor-widget-heading .elementor-heading-title[class*=elementor-size-]>a{color:inherit;font-size:inherit;line-height:inherit}.elementor-widget-heading .elementor-heading-title.elementor-size-small{font-size:15px}.elementor-widget-heading .elementor-heading-title.elementor-size-medium{font-size:19px}.elementor-widget-heading .elementor-heading-title.elementor-size-large{font-size:29px}.elementor-widget-heading .elementor-heading-title.elementor-size-xl{font-size:39px}.elementor-widget-heading .elementor-heading-title.elementor-size-xxl{font-size:59px}<\/style><h2 class=\"elementor-heading-title elementor-size-default\">pr\u00e1vo v akci: p\u0159\u00edru\u010dka klimar\u00e1d\u016f<\/h2>\t\t<\/div>\n\t\t\t\t<\/div>\n\t\t\t\t\t<\/div>\n\t\t\t\t<\/div>\n\t\t<div class=\"elementor-element elementor-element-592a456 e-flex e-con-boxed e-con e-parent\" data-id=\"592a456\" data-element_type=\"container\" data-settings=\"{&quot;container_type&quot;:&quot;flex&quot;,&quot;content_width&quot;:&quot;boxed&quot;}\" data-core-v316-plus=\"true\">\n\t\t\t\t\t<div class=\"e-con-inner\">\n\t\t\t\t<div class=\"elementor-element elementor-element-9c3afd1 elementor-widget elementor-widget-heading\" data-id=\"9c3afd1\" data-element_type=\"widget\" data-widget_type=\"heading.default\">\n\t\t\t\t<div class=\"elementor-widget-container\">\n\t\t\t<h3 class=\"elementor-heading-title elementor-size-default\">p\u0159\u00edru\u010dka k nahl\u00e9dnut\u00ed a ke sta\u017een\u00ed<\/h3>\t\t<\/div>\n\t\t\t\t<\/div>\n\t\t\t\t<div class=\"elementor-element elementor-element-ed131bf elementor-widget elementor-widget-text-editor\" data-id=\"ed131bf\" data-element_type=\"widget\" data-widget_type=\"text-editor.default\">\n\t\t\t\t<div class=\"elementor-widget-container\">\n\t\t\t<style>\/*! elementor - v3.18.0 - 20-12-2023 *\/\n.elementor-widget-text-editor.elementor-drop-cap-view-stacked .elementor-drop-cap{background-color:#69727d;color:#fff}.elementor-widget-text-editor.elementor-drop-cap-view-framed .elementor-drop-cap{color:#69727d;border:3px solid;background-color:transparent}.elementor-widget-text-editor:not(.elementor-drop-cap-view-default) .elementor-drop-cap{margin-top:8px}.elementor-widget-text-editor:not(.elementor-drop-cap-view-default) .elementor-drop-cap-letter{width:1em;height:1em}.elementor-widget-text-editor .elementor-drop-cap{float:left;text-align:center;line-height:1;font-size:50px}.elementor-widget-text-editor .elementor-drop-cap-letter{display:inline-block}<\/style>\t\t\t\t<div class=\"_df_book df-lite\" id=\"df_992\"  data-title=\"pravni-prirucka\" _slug=\"992\" wpoptions=\"true\" thumb=\"https:\/\/klimaradi.klimazaloba.cz\/wp-content\/uploads\/2024\/02\/kniha-editace-28.2.-Digital.pdf\" thumbtype=\"\" ><\/div><script class=\"df-shortcode-script\" type=\"application\/javascript\">window.option_df_992 = {\"webgl\":\"true\",\"outline\":[],\"backgroundColor\":\"fffffff\",\"height\":\"1350\",\"autoEnableOutline\":\"false\",\"autoEnableThumbnail\":\"false\",\"overwritePDFOutline\":\"false\",\"enableDownload\":\"true\",\"direction\":\"1\",\"pageSize\":\"0\",\"controlsPosition\":\"bottom\",\"soundEnable\":\"false\",\"source\":\"https:\\\/\\\/klimaradi.klimazaloba.cz\\\/wp-content\\\/uploads\\\/2024\\\/02\\\/kniha-editace-28.2.-Digital.pdf\",\"wpOptions\":\"true\"}; if(window.DFLIP && window.DFLIP.parseBooks){window.DFLIP.parseBooks();}<\/script>\t\t\t\t\t\t<\/div>\n\t\t\t\t<\/div>\n\t\t\t\t\t<\/div>\n\t\t\t\t<\/div>\n\t\t<div class=\"elementor-element elementor-element-d695bd7 e-flex e-con-boxed e-con e-parent\" data-id=\"d695bd7\" data-element_type=\"container\" data-settings=\"{&quot;container_type&quot;:&quot;flex&quot;,&quot;content_width&quot;:&quot;boxed&quot;}\" data-core-v316-plus=\"true\">\n\t\t\t\t\t<div class=\"e-con-inner\">\n\t\t\t\t<div class=\"elementor-element elementor-element-da9deaa elementor-view-default elementor-position-top elementor-mobile-position-top elementor-widget elementor-widget-icon-box\" data-id=\"da9deaa\" data-element_type=\"widget\" data-widget_type=\"icon-box.default\">\n\t\t\t\t<div class=\"elementor-widget-container\">\n\t\t\t<link rel=\"stylesheet\" href=\"https:\/\/klimaradi.klimazaloba.cz\/wp-content\/plugins\/elementor\/assets\/css\/widget-icon-box.min.css\">\t\t<div class=\"elementor-icon-box-wrapper\">\n\t\t\t\t\t\t<div class=\"elementor-icon-box-icon\">\n\t\t\t\t<a href=\"https:\/\/klimaradi.klimazaloba.cz\/wp-content\/uploads\/2024\/02\/kniha-editace-28.2.-Digital.pdf\" class=\"elementor-icon elementor-animation-\" tabindex=\"-1\">\n\t\t\t\t<svg aria-hidden=\"true\" class=\"e-font-icon-svg e-fas-file-pdf\" viewBox=\"0 0 384 512\" xmlns=\"http:\/\/www.w3.org\/2000\/svg\"><path d=\"M181.9 256.1c-5-16-4.9-46.9-2-46.9 8.4 0 7.6 36.9 2 46.9zm-1.7 47.2c-7.7 20.2-17.3 43.3-28.4 62.7 18.3-7 39-17.2 62.9-21.9-12.7-9.6-24.9-23.4-34.5-40.8zM86.1 428.1c0 .8 13.2-5.4 34.9-40.2-6.7 6.3-29.1 24.5-34.9 40.2zM248 160h136v328c0 13.3-10.7 24-24 24H24c-13.3 0-24-10.7-24-24V24C0 10.7 10.7 0 24 0h200v136c0 13.2 10.8 24 24 24zm-8 171.8c-20-12.2-33.3-29-42.7-53.8 4.5-18.5 11.6-46.6 6.2-64.2-4.7-29.4-42.4-26.5-47.8-6.8-5 18.3-.4 44.1 8.1 77-11.6 27.6-28.7 64.6-40.8 85.8-.1 0-.1.1-.2.1-27.1 13.9-73.6 44.5-54.5 68 5.6 6.9 16 10 21.5 10 17.9 0 35.7-18 61.1-61.8 25.8-8.5 54.1-19.1 79-23.2 21.7 11.8 47.1 19.5 64 19.5 29.2 0 31.2-32 19.7-43.4-13.9-13.6-54.3-9.7-73.6-7.2zM377 105L279 7c-4.5-4.5-10.6-7-17-7h-6v128h128v-6.1c0-6.3-2.5-12.4-7-16.9zm-74.1 255.3c4.1-2.7-2.5-11.9-42.8-9 37.1 15.8 42.8 9 42.8 9z\"><\/path><\/svg>\t\t\t\t<\/a>\n\t\t\t<\/div>\n\t\t\t\t\t\t<div class=\"elementor-icon-box-content\">\n\t\t\t\t<h3 class=\"elementor-icon-box-title\">\n\t\t\t\t\t<a href=\"https:\/\/klimaradi.klimazaloba.cz\/wp-content\/uploads\/2024\/02\/kniha-editace-28.2.-Digital.pdf\" >\n\t\t\t\t\t\tPr\u00e1vn\u00ed p\u0159\u00edru\u010dka ke sta\u017een\u00ed zde\t\t\t\t\t<\/a>\n\t\t\t\t<\/h3>\n\t\t\t\t\t\t\t<\/div>\n\t\t<\/div>\n\t\t\t\t<\/div>\n\t\t\t\t<\/div>\n\t\t\t\t<div class=\"elementor-element elementor-element-930fd5f elementor-widget elementor-widget-text-editor\" data-id=\"930fd5f\" data-element_type=\"widget\" data-widget_type=\"text-editor.default\">\n\t\t\t\t<div class=\"elementor-widget-container\">\n\t\t\t\t\t\t\t<p><span style=\"font-weight: 400;\">Obsahuje jednoduch\u00e9 vysv\u011btlen\u00ed kl\u00ed\u010dov\u00fdch pr\u00e1vn\u00edch n\u00e1stroj\u016f pro aktivn\u00ed ob\u010dany dopln\u011bn\u00e9 o re\u00e1ln\u00e9 p\u0159\u00edklady z praxe, a to v oblastech \u00a0pap\u00edrov\u00fd aktivismus, demonstrace, policie a ob\u010dansk\u00e1 neposlu\u0161nost.<\/span><\/p><p><span style=\"font-weight: 400;\">P\u0159\u00edru\u010dku jsme vytvo\u0159ili v r\u00e1mci vzd\u011bl\u00e1vac\u00edho projektu Klimar\u00e1di s c\u00edlem roz\u0161\u00ed\u0159it pr\u00e1vn\u00ed znalosti, podpo\u0159it aktivn\u00ed ob\u010danstv\u00ed a snahy o ochranu klimatu zejm\u00e9na mezi st\u0159edo\u0161kol\u00e1ky a neziskov\u00e9 organizace. Tato p\u0159\u00edru\u010dka je sou\u010d\u00e1st\u00ed studijn\u00edch materi\u00e1l\u016f, kter\u00e9 jsou k dost\u00e1n\u00ed na workshopu<\/span><a href=\"https:\/\/klimaradi.klimazaloba.cz\/index.php\/pravnidilna\/\"> <span style=\"font-weight: 400;\">PR\u00c1VN\u00cd D\u00cdLNY pro neziskovky.<\/span><\/a><\/p><p><span style=\"font-weight: 400;\">P\u0159\u00edru\u010dku sepsal Vincenc Bou\u010dek a graficky ztv\u00e1rnil <a href=\"http:\/\/zamolex.cz\">@zamolex.<\/a><\/span><\/p><p><span style=\"font-weight: 400;\">P\u0159\u00edru\u010dka vznikla v r\u00e1mci projektu Klimar\u00e1di<\/span><a href=\"https:\/\/agitproject.info\/\"><b> \/ AGIT <\/b><\/a>financovan\u00e9ho EU.<\/p><p><br style=\"font-weight: 400;\" \/><br style=\"font-weight: 400;\" \/><\/p>\t\t\t\t\t\t<\/div>\n\t\t\t\t<\/div>\n\t\t\t\t\t<\/div>\n\t\t\t\t<\/div>\n\t\t<div class=\"elementor-element elementor-element-547c36f e-flex e-con-boxed e-con e-parent\" data-id=\"547c36f\" data-element_type=\"container\" data-settings=\"{&quot;container_type&quot;:&quot;flex&quot;,&quot;content_width&quot;:&quot;boxed&quot;}\" data-core-v316-plus=\"true\">\n\t\t\t\t\t<div class=\"e-con-inner\">\n\t\t<div class=\"elementor-element elementor-element-014da14 e-con-full e-flex e-con e-child\" data-id=\"014da14\" data-element_type=\"container\" data-settings=\"{&quot;content_width&quot;:&quot;full&quot;,&quot;container_type&quot;:&quot;flex&quot;}\">\n\t\t\t\t<div class=\"elementor-element elementor-element-a1bb8e0 elementor-widget elementor-widget-html\" data-id=\"a1bb8e0\" data-element_type=\"widget\" data-widget_type=\"html.default\">\n\t\t\t\t<div class=\"elementor-widget-container\">\n\t\t\t<script>if(typeof(window.jsScriptOutputted)==\"undefined\"){var jsScriptOutputted=true;var jsScript=document.createElement(\"script\");jsScript.type=\"text\/javascript\";jsScript.src=\"https:\/\/vltava.rozhlas.cz\/sites\/all\/libraries\/responsive-external-embeds\/cro_responsiveexternalembeds.min.js\";jsScript.onload=function(){};document.head.appendChild(jsScript);}<\/script><iframe name=\"embed-9206821\" class=\"cro-embed__parent\" frameBorder=\"0\" scrolling=\"no\" allowfullscreen src=\"https:\/\/wave.rozhlas.cz\/cro_soundmanager\/files\/9206821\/field_main_audio\"><\/iframe>\t\t<\/div>\n\t\t\t\t<\/div>\n\t\t\t\t<\/div>\n\t\t\t\t<div class=\"elementor-element elementor-element-b45e67a elementor-widget elementor-widget-spacer\" data-id=\"b45e67a\" data-element_type=\"widget\" data-widget_type=\"spacer.default\">\n\t\t\t\t<div class=\"elementor-widget-container\">\n\t\t\t\t\t<div class=\"elementor-spacer\">\n\t\t\t<div class=\"elementor-spacer-inner\"><\/div>\n\t\t<\/div>\n\t\t\t\t<\/div>\n\t\t\t\t<\/div>\n\t\t<div class=\"elementor-element elementor-element-749ba34 e-con-full e-flex e-con e-child\" data-id=\"749ba34\" data-element_type=\"container\" data-settings=\"{&quot;content_width&quot;:&quot;full&quot;,&quot;container_type&quot;:&quot;flex&quot;}\">\n\t\t\t\t<div class=\"elementor-element elementor-element-efc4024 elementor-widget elementor-widget-html\" data-id=\"efc4024\" data-element_type=\"widget\" data-widget_type=\"html.default\">\n\t\t\t\t<div class=\"elementor-widget-container\">\n\t\t\t<div data-darujme-widget-token=\"tlx23cu23d53p0mu\">&nbsp;<\/div>\n<script type=\"text\/javascript\">\n    +function(w, d, s, u, a, b) {\n        w['DarujmeObject'] = u;\n        w[u] = w[u] || function () { (w[u].q = w[u].q || []).push(arguments) };\n        a = d.createElement(s); b = d.getElementsByTagName(s)[0];\n        a.async = 1; a.src = \"https:\\\/\\\/www.darujme.cz\\\/assets\\\/scripts\\\/widget.js\";\n        b.parentNode.insertBefore(a, b);\n    }(window, document, 'script', 'Darujme');\n    Darujme(1, \"tlx23cu23d53p0mu\", 'render', \"https:\\\/\\\/www.darujme.cz\\\/widget?token=tlx23cu23d53p0mu\", \"350px\");\n<\/script>\t\t<\/div>\n\t\t\t\t<\/div>\n\t\t\t\t<\/div>\n\t\t\t\t\t<\/div>\n\t\t\t\t<\/div>\n\t\t<a data-eael-wrapper-link=\"{&quot;url&quot;:&quot;https:\\\/\\\/klimaradi.klimazaloba.cz\\\/index.php\\\/pravnidilna\\\/https:\\\/\\\/klimaradi.klimazaloba.cz\\\/index.php\\\/pravnidilna\\\/&quot;,&quot;is_external&quot;:&quot;&quot;,&quot;nofollow&quot;:&quot;&quot;}\" class=\"elementor-element elementor-element-2d69e16 e-flex e-con-boxed e-con e-child\" data-id=\"2d69e16\" data-element_type=\"container\" data-settings=\"{&quot;container_type&quot;:&quot;flex&quot;,&quot;content_width&quot;:&quot;boxed&quot;}\" href=\"https:\/\/klimaradi.klimazaloba.cz\/index.php\/pravnidilna\/\">\n\t\t\t\t\t<div class=\"e-con-inner\">\n\t\t\t\t<div class=\"elementor-element elementor-element-629207b elementor-widget elementor-widget-text-editor\" data-id=\"629207b\" data-element_type=\"widget\" data-widget_type=\"text-editor.default\">\n\t\t\t\t<div class=\"elementor-widget-container\">\n\t\t\t\t\t\t\t<p><a href=\"https:\/\/klimaradi.klimazaloba.cz\/index.php\/pravnidilna\/\">M\u00e1te z\u00e1jem o projekt pro neziskovky?<\/a><\/p>\t\t\t\t\t\t<\/div>\n\t\t\t\t<\/div>\n\t\t\t\t<div class=\"elementor-element elementor-element-ea19d8f elementor-widget elementor-widget-image\" data-id=\"ea19d8f\" data-element_type=\"widget\" data-widget_type=\"image.default\">\n\t\t\t\t<div class=\"elementor-widget-container\">\n\t\t\t<style>\/*! elementor - v3.18.0 - 20-12-2023 *\/\n.elementor-widget-image{text-align:center}.elementor-widget-image a{display:inline-block}.elementor-widget-image a img[src$=\".svg\"]{width:48px}.elementor-widget-image img{vertical-align:middle;display:inline-block}<\/style>\t\t\t\t\t\t\t\t\t\t\t\t<img fetchpriority=\"high\" decoding=\"async\" width=\"300\" height=\"290\" src=\"https:\/\/i0.wp.com\/klimaradi.klimazaloba.cz\/wp-content\/uploads\/2023\/09\/Logo-Klimaradi-fin-ver.png?fit=300%2C290&amp;ssl=1\" class=\"elementor-animation-grow attachment-medium size-medium wp-image-303\" alt=\"Klimar\u00e1di pr\u00e1vn\u00ed d\u00edlny\" srcset=\"https:\/\/i0.wp.com\/klimaradi.klimazaloba.cz\/wp-content\/uploads\/2023\/09\/Logo-Klimaradi-fin-ver.png?w=852&amp;ssl=1 852w, https:\/\/i0.wp.com\/klimaradi.klimazaloba.cz\/wp-content\/uploads\/2023\/09\/Logo-Klimaradi-fin-ver.png?resize=300%2C290&amp;ssl=1 300w, https:\/\/i0.wp.com\/klimaradi.klimazaloba.cz\/wp-content\/uploads\/2023\/09\/Logo-Klimaradi-fin-ver.png?resize=768%2C743&amp;ssl=1 768w\" sizes=\"(max-width: 300px) 100vw, 300px\" \/>\t\t\t\t\t\t\t\t\t\t\t\t\t\t\t<\/div>\n\t\t\t\t<\/div>\n\t\t\t\t<div class=\"elementor-element elementor-element-24aabe7 elementor-widget elementor-widget-heading\" data-id=\"24aabe7\" data-element_type=\"widget\" data-widget_type=\"heading.default\">\n\t\t\t\t<div class=\"elementor-widget-container\">\n\t\t\t<h2 class=\"elementor-heading-title elementor-size-default\">Pr\u00e1vn\u00ed d\u00edlna <br> pro neziskovky<\/h2>\t\t<\/div>\n\t\t\t\t<\/div>\n\t\t\t\t<div class=\"elementor-element elementor-element-b987a3a elementor-widget elementor-widget-text-editor\" data-id=\"b987a3a\" data-element_type=\"widget\" data-widget_type=\"text-editor.default\">\n\t\t\t\t<div class=\"elementor-widget-container\">\n\t\t\t\t\t\t\t<p>Projekt Klimar\u00e1di vznikl pod z\u00e1\u0161titou <a href=\"https:\/\/www.klimazaloba.cz\">spolku Klimatick\u00e1 \u017daloba<\/a> a je podporov\u00e1n <a href=\"https:\/\/agitproject.info\">organizac\u00ed AGIT<\/a> (Activation of young generation in the times of Climate policy).<\/p>\t\t\t\t\t\t<\/div>\n\t\t\t\t<\/div>\n\t\t\t\t\t<\/div>\n\t\t\t\t<\/a>\n\t\t\t\t\t\t\t<\/div>\n\t\t","protected":false},"excerpt":{"rendered":"<p>pr\u00e1vo v akci: p\u0159\u00edru\u010dka klimar\u00e1d\u016f p\u0159\u00edru\u010dka k nahl\u00e9dnut\u00ed a ke sta\u017een\u00ed Pr\u00e1vn\u00ed p\u0159\u00edru\u010dka ke sta\u017een\u00ed zde Obsahuje jednoduch\u00e9 vysv\u011btlen\u00ed kl\u00ed\u010dov\u00fdch pr\u00e1vn\u00edch n\u00e1stroj\u016f pro aktivn\u00ed ob\u010dany dopln\u011bn\u00e9 o re\u00e1ln\u00e9 p\u0159\u00edklady z praxe, a to v oblastech \u00a0pap\u00edrov\u00fd aktivismus, demonstrace, policie a ob\u010dansk\u00e1 neposlu\u0161nost. P\u0159\u00edru\u010dku jsme vytvo\u0159ili v r\u00e1mci vzd\u011bl\u00e1vac\u00edho projektu Klimar\u00e1di s c\u00edlem roz\u0161\u00ed\u0159it pr\u00e1vn\u00ed znalosti, [&hellip;]<\/p>\n","protected":false},"author":1,"featured_media":967,"parent":0,"menu_order":0,"comment_status":"closed","ping_status":"closed","template":"","meta":{"site-sidebar-layout":"no-sidebar","site-content-layout":"page-builder","ast-site-content-layout":"full-width-container","site-content-style":"default","site-sidebar-style":"default","ast-global-header-display":"","ast-banner-title-visibility":"","ast-main-header-display":"","ast-hfb-above-header-display":"","ast-hfb-below-header-display":"","ast-hfb-mobile-header-display":"","site-post-title":"disabled","ast-breadcrumbs-content":"","ast-featured-img":"disabled","footer-sml-layout":"","theme-transparent-header-meta":"","adv-header-id-meta":"","stick-header-meta":"","header-above-stick-meta":"","header-main-stick-meta":"","header-below-stick-meta":"","astra-migrate-meta-layouts":"set","ast-page-background-enabled":"default","ast-page-background-meta":{"desktop":{"background-color":"var(--ast-global-color-4)","background-image":"","background-repeat":"repeat","background-position":"center center","background-size":"auto","background-attachment":"scroll","background-type":"","background-media":"","overlay-type":"","overlay-color":"","overlay-gradient":""},"tablet":{"background-color":"","background-image":"","background-repeat":"repeat","background-position":"center center","background-size":"auto","background-attachment":"scroll","background-type":"","background-media":"","overlay-type":"","overlay-color":"","overlay-gradient":""},"mobile":{"background-color":"","background-image":"","background-repeat":"repeat","background-position":"center center","background-size":"auto","background-attachment":"scroll","background-type":"","background-media":"","overlay-type":"","overlay-color":"","overlay-gradient":""}},"ast-content-background-meta":{"desktop":{"background-color":"var(--ast-global-color-5)","background-image":"","background-repeat":"repeat","background-position":"center center","background-size":"auto","background-attachment":"scroll","background-type":"","background-media":"","overlay-type":"","overlay-color":"","overlay-gradient":""},"tablet":{"background-color":"var(--ast-global-color-5)","background-image":"","background-repeat":"repeat","background-position":"center center","background-size":"auto","background-attachment":"scroll","background-type":"","background-media":"","overlay-type":"","overlay-color":"","overlay-gradient":""},"mobile":{"background-color":"var(--ast-global-color-5)","background-image":"","background-repeat":"repeat","background-position":"center center","background-size":"auto","background-attachment":"scroll","background-type":"","background-media":"","overlay-type":"","overlay-color":"","overlay-gradient":""}},"footnotes":""},"yoast_head":"<!-- This site is optimized with the Yoast SEO plugin v21.8.1 - https:\/\/yoast.com\/wordpress\/plugins\/seo\/ -->\n<title>Pr\u00e1vn\u00ed p\u0159\u00edru\u010dka *<\/title>\n<meta name=\"description\" content=\"Pr\u00e1vn\u00ed p\u0159\u00edru\u010dka neboli Pr\u00e1vo v akci vyu\u017e\u00edv\u00e1 pr\u00e1vn\u00ed n\u00e1stroje pro klimatick\u00fd aktivismus a poskytuje rady v r\u00e1mci klimatick\u00e9ho aktivismu.\" \/>\n<meta name=\"robots\" content=\"index, follow, max-snippet:-1, max-image-preview:large, max-video-preview:-1\" \/>\n<link rel=\"canonical\" href=\"https:\/\/klimaradi.klimazaloba.cz\/index.php\/pravni-prirucka\/\" \/>\n<meta property=\"og:locale\" content=\"en_US\" \/>\n<meta property=\"og:type\" content=\"article\" \/>\n<meta property=\"og:title\" content=\"Klimar\u00e1di - Pr\u00e1vn\u00ed P\u0159\u00edru\u010dka\" \/>\n<meta property=\"og:description\" content=\"Pr\u00e1vn\u00ed p\u0159\u00edru\u010dka vyu\u017e\u00edv\u00e1 pr\u00e1vn\u00ed n\u00e1stroje pro klimatick\u00fd aktivismus a poskytuje rady pro aktivismus v r\u00e1mci klimatick\u00e9ho aktivismu.\" \/>\n<meta property=\"og:url\" content=\"https:\/\/klimaradi.klimazaloba.cz\/index.php\/pravni-prirucka\/\" \/>\n<meta property=\"article:publisher\" content=\"https:\/\/www.facebook.com\/klimatickazaloba\" \/>\n<meta property=\"article:modified_time\" content=\"2024-04-18T17:52:06+00:00\" \/>\n<meta property=\"og:image\" content=\"https:\/\/klimaradi.klimazaloba.cz\/wp-content\/uploads\/2024\/02\/Pravni-prirucka-seo-1024x726.png\" \/>\n\t<meta property=\"og:image:width\" content=\"1024\" \/>\n\t<meta property=\"og:image:height\" content=\"726\" \/>\n\t<meta property=\"og:image:type\" content=\"image\/png\" \/>\n<meta name=\"twitter:card\" content=\"summary_large_image\" \/>\n<meta name=\"twitter:title\" content=\"Klimar\u00e1di - Pr\u00e1vn\u00ed P\u0159\u00edru\u010dka\" \/>\n<meta name=\"twitter:description\" content=\"Pr\u00e1vn\u00ed p\u0159\u00edru\u010dka vyu\u017e\u00edv\u00e1 pr\u00e1vn\u00ed n\u00e1stroje pro klimatick\u00fd aktivismus a poskytuje rady pro aktivismus v r\u00e1mci klimatick\u00e9ho aktivismu.\" \/>\n<meta name=\"twitter:image\" content=\"https:\/\/i0.wp.com\/klimaradi.klimazaloba.cz\/wp-content\/uploads\/2024\/02\/Pravni-prirucka-seo.png?fit=1524%2C1080&ssl=1\" \/>\n<meta name=\"twitter:site\" content=\"@KZaloba\" \/>\n<meta name=\"twitter:label1\" content=\"Est. reading time\" \/>\n\t<meta name=\"twitter:data1\" content=\"2 minutes\" \/>\n<script type=\"application\/ld+json\" class=\"yoast-schema-graph\">{\"@context\":\"https:\/\/schema.org\",\"@graph\":[{\"@type\":\"WebPage\",\"@id\":\"https:\/\/klimaradi.klimazaloba.cz\/index.php\/pravni-prirucka\/\",\"url\":\"https:\/\/klimaradi.klimazaloba.cz\/index.php\/pravni-prirucka\/\",\"name\":\"Pr\u00e1vn\u00ed p\u0159\u00edru\u010dka *\",\"isPartOf\":{\"@id\":\"https:\/\/klimaradi.klimazaloba.cz\/#website\"},\"datePublished\":\"2024-02-18T00:10:59+00:00\",\"dateModified\":\"2024-04-18T17:52:06+00:00\",\"description\":\"Pr\u00e1vn\u00ed p\u0159\u00edru\u010dka neboli Pr\u00e1vo v akci vyu\u017e\u00edv\u00e1 pr\u00e1vn\u00ed n\u00e1stroje pro klimatick\u00fd aktivismus a poskytuje rady v r\u00e1mci klimatick\u00e9ho aktivismu.\",\"breadcrumb\":{\"@id\":\"https:\/\/klimaradi.klimazaloba.cz\/index.php\/pravni-prirucka\/#breadcrumb\"},\"inLanguage\":\"en-US\",\"potentialAction\":[{\"@type\":\"ReadAction\",\"target\":[\"https:\/\/klimaradi.klimazaloba.cz\/index.php\/pravni-prirucka\/\"]}]},{\"@type\":\"BreadcrumbList\",\"@id\":\"https:\/\/klimaradi.klimazaloba.cz\/index.php\/pravni-prirucka\/#breadcrumb\",\"itemListElement\":[{\"@type\":\"ListItem\",\"position\":1,\"name\":\"Home\",\"item\":\"https:\/\/klimaradi.klimazaloba.cz\/\"},{\"@type\":\"ListItem\",\"position\":2,\"name\":\"Pr\u00e1vn\u00ed p\u0159\u00edru\u010dka\"}]},{\"@type\":\"WebSite\",\"@id\":\"https:\/\/klimaradi.klimazaloba.cz\/#website\",\"url\":\"https:\/\/klimaradi.klimazaloba.cz\/\",\"name\":\"Klimar\u00e1di\",\"description\":\"Klimar\u00e1di jsou srdcem vzd\u011bl\u00e1v\u00e1n\u00ed v oblasti zm\u011bny klimatu. Poskytuje pr\u00e1vn\u00ed z\u00e1klady st\u0159edo\u0161kol\u00e1k\u016fm a neziskovk\u00e1m.\",\"publisher\":{\"@id\":\"https:\/\/klimaradi.klimazaloba.cz\/#organization\"},\"alternateName\":\"Klimar\u00e1di\",\"potentialAction\":[{\"@type\":\"SearchAction\",\"target\":{\"@type\":\"EntryPoint\",\"urlTemplate\":\"https:\/\/klimaradi.klimazaloba.cz\/?s={search_term_string}\"},\"query-input\":\"required name=search_term_string\"}],\"inLanguage\":\"en-US\"},{\"@type\":\"Organization\",\"@id\":\"https:\/\/klimaradi.klimazaloba.cz\/#organization\",\"name\":\"Klimar\u00e1di\",\"url\":\"https:\/\/klimaradi.klimazaloba.cz\/\",\"logo\":{\"@type\":\"ImageObject\",\"inLanguage\":\"en-US\",\"@id\":\"https:\/\/klimaradi.klimazaloba.cz\/#\/schema\/logo\/image\/\",\"url\":\"https:\/\/i0.wp.com\/klimaradi.klimazaloba.cz\/wp-content\/uploads\/2024\/01\/Klimaradi-seoo.png?fit=3746%2C2918&ssl=1\",\"contentUrl\":\"https:\/\/i0.wp.com\/klimaradi.klimazaloba.cz\/wp-content\/uploads\/2024\/01\/Klimaradi-seoo.png?fit=3746%2C2918&ssl=1\",\"width\":3746,\"height\":2918,\"caption\":\"Klimar\u00e1di\"},\"image\":{\"@id\":\"https:\/\/klimaradi.klimazaloba.cz\/#\/schema\/logo\/image\/\"},\"sameAs\":[\"https:\/\/www.facebook.com\/klimatickazaloba\",\"https:\/\/twitter.com\/KZaloba\",\"https:\/\/www.instagram.com\/klimazaloba\/\"]}]}<\/script>\n<!-- \/ Yoast SEO plugin. -->","yoast_head_json":{"title":"Pr\u00e1vn\u00ed p\u0159\u00edru\u010dka *","description":"Pr\u00e1vn\u00ed p\u0159\u00edru\u010dka neboli Pr\u00e1vo v akci vyu\u017e\u00edv\u00e1 pr\u00e1vn\u00ed n\u00e1stroje pro klimatick\u00fd aktivismus a poskytuje rady v r\u00e1mci klimatick\u00e9ho aktivismu.","robots":{"index":"index","follow":"follow","max-snippet":"max-snippet:-1","max-image-preview":"max-image-preview:large","max-video-preview":"max-video-preview:-1"},"canonical":"https:\/\/klimaradi.klimazaloba.cz\/index.php\/pravni-prirucka\/","og_locale":"en_US","og_type":"article","og_title":"Klimar\u00e1di - Pr\u00e1vn\u00ed P\u0159\u00edru\u010dka","og_description":"Pr\u00e1vn\u00ed p\u0159\u00edru\u010dka vyu\u017e\u00edv\u00e1 pr\u00e1vn\u00ed n\u00e1stroje pro klimatick\u00fd aktivismus a poskytuje rady pro aktivismus v r\u00e1mci klimatick\u00e9ho aktivismu.","og_url":"https:\/\/klimaradi.klimazaloba.cz\/index.php\/pravni-prirucka\/","article_publisher":"https:\/\/www.facebook.com\/klimatickazaloba","article_modified_time":"2024-04-18T17:52:06+00:00","og_image":[{"width":1024,"height":726,"url":"https:\/\/klimaradi.klimazaloba.cz\/wp-content\/uploads\/2024\/02\/Pravni-prirucka-seo-1024x726.png","type":"image\/png"}],"twitter_card":"summary_large_image","twitter_title":"Klimar\u00e1di - Pr\u00e1vn\u00ed P\u0159\u00edru\u010dka","twitter_description":"Pr\u00e1vn\u00ed p\u0159\u00edru\u010dka vyu\u017e\u00edv\u00e1 pr\u00e1vn\u00ed n\u00e1stroje pro klimatick\u00fd aktivismus a poskytuje rady pro aktivismus v r\u00e1mci klimatick\u00e9ho aktivismu.","twitter_image":"https:\/\/i0.wp.com\/klimaradi.klimazaloba.cz\/wp-content\/uploads\/2024\/02\/Pravni-prirucka-seo.png?fit=1524%2C1080&ssl=1","twitter_site":"@KZaloba","twitter_misc":{"Est. reading time":"2 minutes"},"schema":{"@context":"https:\/\/schema.org","@graph":[{"@type":"WebPage","@id":"https:\/\/klimaradi.klimazaloba.cz\/index.php\/pravni-prirucka\/","url":"https:\/\/klimaradi.klimazaloba.cz\/index.php\/pravni-prirucka\/","name":"Pr\u00e1vn\u00ed p\u0159\u00edru\u010dka *","isPartOf":{"@id":"https:\/\/klimaradi.klimazaloba.cz\/#website"},"datePublished":"2024-02-18T00:10:59+00:00","dateModified":"2024-04-18T17:52:06+00:00","description":"Pr\u00e1vn\u00ed p\u0159\u00edru\u010dka neboli Pr\u00e1vo v akci vyu\u017e\u00edv\u00e1 pr\u00e1vn\u00ed n\u00e1stroje pro klimatick\u00fd aktivismus a poskytuje rady v r\u00e1mci klimatick\u00e9ho aktivismu.","breadcrumb":{"@id":"https:\/\/klimaradi.klimazaloba.cz\/index.php\/pravni-prirucka\/#breadcrumb"},"inLanguage":"en-US","potentialAction":[{"@type":"ReadAction","target":["https:\/\/klimaradi.klimazaloba.cz\/index.php\/pravni-prirucka\/"]}]},{"@type":"BreadcrumbList","@id":"https:\/\/klimaradi.klimazaloba.cz\/index.php\/pravni-prirucka\/#breadcrumb","itemListElement":[{"@type":"ListItem","position":1,"name":"Home","item":"https:\/\/klimaradi.klimazaloba.cz\/"},{"@type":"ListItem","position":2,"name":"Pr\u00e1vn\u00ed p\u0159\u00edru\u010dka"}]},{"@type":"WebSite","@id":"https:\/\/klimaradi.klimazaloba.cz\/#website","url":"https:\/\/klimaradi.klimazaloba.cz\/","name":"Klimar\u00e1di","description":"Klimar\u00e1di jsou srdcem vzd\u011bl\u00e1v\u00e1n\u00ed v oblasti zm\u011bny klimatu. Poskytuje pr\u00e1vn\u00ed z\u00e1klady st\u0159edo\u0161kol\u00e1k\u016fm a neziskovk\u00e1m.","publisher":{"@id":"https:\/\/klimaradi.klimazaloba.cz\/#organization"},"alternateName":"Klimar\u00e1di","potentialAction":[{"@type":"SearchAction","target":{"@type":"EntryPoint","urlTemplate":"https:\/\/klimaradi.klimazaloba.cz\/?s={search_term_string}"},"query-input":"required name=search_term_string"}],"inLanguage":"en-US"},{"@type":"Organization","@id":"https:\/\/klimaradi.klimazaloba.cz\/#organization","name":"Klimar\u00e1di","url":"https:\/\/klimaradi.klimazaloba.cz\/","logo":{"@type":"ImageObject","inLanguage":"en-US","@id":"https:\/\/klimaradi.klimazaloba.cz\/#\/schema\/logo\/image\/","url":"https:\/\/i0.wp.com\/klimaradi.klimazaloba.cz\/wp-content\/uploads\/2024\/01\/Klimaradi-seoo.png?fit=3746%2C2918&ssl=1","contentUrl":"https:\/\/i0.wp.com\/klimaradi.klimazaloba.cz\/wp-content\/uploads\/2024\/01\/Klimaradi-seoo.png?fit=3746%2C2918&ssl=1","width":3746,"height":2918,"caption":"Klimar\u00e1di"},"image":{"@id":"https:\/\/klimaradi.klimazaloba.cz\/#\/schema\/logo\/image\/"},"sameAs":["https:\/\/www.facebook.com\/klimatickazaloba","https:\/\/twitter.com\/KZaloba","https:\/\/www.instagram.com\/klimazaloba\/"]}]}},"jetpack_sharing_enabled":true,"jetpack-related-posts":[{"id":7,"url":"https:\/\/klimaradi.klimazaloba.cz\/","url_meta":{"origin":966,"position":0},"title":"Home","author":"admin","date":"July 15, 2023","format":false,"excerpt":"Semin\u00e1\u0159 pro St\u0159edn\u00ed \u0161koly \u25ba pr\u00e1vn\u00ed p\u0159\u00edru\u010dka \u25ba Pr\u00e1vn\u00ed d\u00edlna pro neziskovky \u25ba Semin\u00e1\u0159 pro St\u0159edn\u00ed \u0161koly \u25ba pr\u00e1vn\u00ed p\u0159\u00edru\u010dka \u25ba Pr\u00e1vn\u00ed d\u00edlna pro neziskovky \u25ba Projekt Klimar\u00e1di, zam\u011b\u0159en\u00fd na poskytov\u00e1n\u00ed komplexn\u00edho vzd\u011bl\u00e1vac\u00edho programu pro st\u0159edo\u0161kolsk\u00e9 studenty a neziskov\u00e9 organizace, \u00fasp\u011b\u0161n\u011b dos\u00e1hl sv\u00e9ho c\u00edle v rozvoji pr\u00e1vn\u00edch dovednost\u00ed v oblasti\u2026","rel":"","context":"Similar post","block_context":{"text":"Similar post","link":""},"img":{"alt_text":"Klimar\u00e1di seo","src":"https:\/\/i0.wp.com\/klimaradi.klimazaloba.cz\/wp-content\/uploads\/2024\/01\/Klimaradi-seoo.png?fit=1200%2C935&ssl=1&resize=350%2C200","width":350,"height":200,"srcset":"https:\/\/i0.wp.com\/klimaradi.klimazaloba.cz\/wp-content\/uploads\/2024\/01\/Klimaradi-seoo.png?fit=1200%2C935&ssl=1&resize=350%2C200 1x, https:\/\/i0.wp.com\/klimaradi.klimazaloba.cz\/wp-content\/uploads\/2024\/01\/Klimaradi-seoo.png?fit=1200%2C935&ssl=1&resize=525%2C300 1.5x, https:\/\/i0.wp.com\/klimaradi.klimazaloba.cz\/wp-content\/uploads\/2024\/01\/Klimaradi-seoo.png?fit=1200%2C935&ssl=1&resize=700%2C400 2x, https:\/\/i0.wp.com\/klimaradi.klimazaloba.cz\/wp-content\/uploads\/2024\/01\/Klimaradi-seoo.png?fit=1200%2C935&ssl=1&resize=1050%2C600 3x"},"classes":[]},{"id":1308,"url":"https:\/\/klimaradi.klimazaloba.cz\/index.php\/dokumentace\/","url_meta":{"origin":966,"position":1},"title":"Dokumentace","author":"admin","date":"June 29, 2024","format":false,"excerpt":"dokumentace projektu klimar\u00e1di 0 Student\u016f pro\u0161lo semin\u00e1\u0159em klimar\u00e1d\u016f 0 P\u0159\u00edru\u010dka 0 Neziskov\u00fdch participant\u016f pro\u0161lo pr\u00e1vn\u00ed d\u00edlnou Projekt Klimar\u00e1di, zam\u011b\u0159en\u00fd na poskytov\u00e1n\u00ed komplexn\u00edho vzd\u011bl\u00e1vac\u00edho programu pro st\u0159edo\u0161kolsk\u00e9 studenty a neziskov\u00e9 organizace, \u00fasp\u011b\u0161n\u011b dos\u00e1hl sv\u00e9ho c\u00edle v rozvoji pr\u00e1vn\u00edch dovednost\u00ed v oblasti klimatick\u00e9ho aktivismu a aktivn\u00edho ob\u010danstv\u00ed. Prost\u0159ednictv\u00edm na\u0161ich semin\u00e1\u0159\u016f a workshop\u016f\u2026","rel":"","context":"Similar post","block_context":{"text":"Similar post","link":""},"img":{"alt_text":"","src":"https:\/\/i0.wp.com\/klimaradi.klimazaloba.cz\/wp-content\/uploads\/2024\/02\/planeta-klimaradi.webp?fit=1024%2C1024&ssl=1&resize=350%2C200","width":350,"height":200,"srcset":"https:\/\/i0.wp.com\/klimaradi.klimazaloba.cz\/wp-content\/uploads\/2024\/02\/planeta-klimaradi.webp?fit=1024%2C1024&ssl=1&resize=350%2C200 1x, https:\/\/i0.wp.com\/klimaradi.klimazaloba.cz\/wp-content\/uploads\/2024\/02\/planeta-klimaradi.webp?fit=1024%2C1024&ssl=1&resize=525%2C300 1.5x, https:\/\/i0.wp.com\/klimaradi.klimazaloba.cz\/wp-content\/uploads\/2024\/02\/planeta-klimaradi.webp?fit=1024%2C1024&ssl=1&resize=700%2C400 2x"},"classes":[]},{"id":464,"url":"https:\/\/klimaradi.klimazaloba.cz\/index.php\/pravnidilna\/","url_meta":{"origin":966,"position":2},"title":"Pr\u00e1vn\u00ed d\u00edlna","author":"admin","date":"January 15, 2024","format":false,"excerpt":"NAB\u00cdZ\u00cdME V\u0160EM NEZISKOVK\u00c1M A KOLEKTIV\u016eM, KTER\u00c9 SE ZAJ\u00cdMAJ\u00cd O KLIMA, NOV\u00dd SEMIN\u00c1\u0158 \"Pr\u00e1vn\u00ed d\u00edlna\" Napi\u0161te n\u00e1m : edu@klimazaloba.cz Co je to Pr\u00e1vn\u00ed d\u00edlna?interaktivn\u00ed, velmi prakticky zam\u011b\u0159en\u00fd pr\u00e1vn\u00ed semin\u00e1\u0159 veden\u00fd dv\u011bma ost\u0159\u00edlen\u00fdmi pr\u00e1vn\u00edky;pro 8 - 24 lid\u00ed se z\u00e1jmem o klimatick\u00fd aktivismus, zku\u0161en\u00e9 i nov\u00e1\u010dkytrv\u00e1 3 hodiny, prob\u011bhne zdarma offline p\u0159\u00edmo\u2026","rel":"","context":"Similar post","block_context":{"text":"Similar post","link":""},"img":{"alt_text":"Klimar\u00e1di pr\u00e1vn\u00ed d\u00edlny","src":"https:\/\/i0.wp.com\/klimaradi.klimazaloba.cz\/wp-content\/uploads\/2023\/09\/Logo-Klimaradi-fin-ver.png?fit=852%2C824&ssl=1&resize=350%2C200","width":350,"height":200,"srcset":"https:\/\/i0.wp.com\/klimaradi.klimazaloba.cz\/wp-content\/uploads\/2023\/09\/Logo-Klimaradi-fin-ver.png?fit=852%2C824&ssl=1&resize=350%2C200 1x, https:\/\/i0.wp.com\/klimaradi.klimazaloba.cz\/wp-content\/uploads\/2023\/09\/Logo-Klimaradi-fin-ver.png?fit=852%2C824&ssl=1&resize=525%2C300 1.5x, https:\/\/i0.wp.com\/klimaradi.klimazaloba.cz\/wp-content\/uploads\/2023\/09\/Logo-Klimaradi-fin-ver.png?fit=852%2C824&ssl=1&resize=700%2C400 2x"},"classes":[]},{"id":546,"url":"https:\/\/klimaradi.klimazaloba.cz\/index.php\/akce\/","url_meta":{"origin":966,"position":3},"title":"AKCE","author":"admin","date":"January 15, 2024","format":false,"excerpt":"HTML marquee Tag NOVINKA Semin\u00e1\u0159e o ochran\u011b klimatu a pr\u00e1vu! NOVINKA Semin\u00e1\u0159e o ochran\u011b klimatu a pr\u00e1vu! NOVINKA Semin\u00e1\u0159e o ochran\u011b klimatu a pr\u00e1vu! NOVINKA Semin\u00e1\u0159e o ochran\u011b klimatu a pr\u00e1vu! NOVINKA Semin\u00e1\u0159e o ochran\u011b klimatu a pr\u00e1vu! NOVINKA Semin\u00e1\u0159e o ochran\u011b klimatu a pr\u00e1vu! NOVINKA Semin\u00e1\u0159e o ochran\u011b klimatu\u2026","rel":"","context":"Similar post","block_context":{"text":"Similar post","link":""},"img":{"alt_text":"Klimar\u00e1di seo","src":"https:\/\/i0.wp.com\/klimaradi.klimazaloba.cz\/wp-content\/uploads\/2024\/01\/Klimaradi-seoo.png?fit=1200%2C935&ssl=1&resize=350%2C200","width":350,"height":200,"srcset":"https:\/\/i0.wp.com\/klimaradi.klimazaloba.cz\/wp-content\/uploads\/2024\/01\/Klimaradi-seoo.png?fit=1200%2C935&ssl=1&resize=350%2C200 1x, https:\/\/i0.wp.com\/klimaradi.klimazaloba.cz\/wp-content\/uploads\/2024\/01\/Klimaradi-seoo.png?fit=1200%2C935&ssl=1&resize=525%2C300 1.5x, https:\/\/i0.wp.com\/klimaradi.klimazaloba.cz\/wp-content\/uploads\/2024\/01\/Klimaradi-seoo.png?fit=1200%2C935&ssl=1&resize=700%2C400 2x, https:\/\/i0.wp.com\/klimaradi.klimazaloba.cz\/wp-content\/uploads\/2024\/01\/Klimaradi-seoo.png?fit=1200%2C935&ssl=1&resize=1050%2C600 3x"},"classes":[]},{"id":469,"url":"https:\/\/klimaradi.klimazaloba.cz\/index.php\/stredniskoly\/","url_meta":{"origin":966,"position":4},"title":"St\u0159edn\u00ed \u0161koly","author":"admin","date":"January 15, 2024","format":false,"excerpt":"Tento projekt do\u0161el ke konci V p\u0159\u00edpad\u011b z\u00e1jmu o dal\u0161\u00ed pr\u00e1vn\u00ed d\u00edlnu n\u00e1m napi\u0161te @klimazaloba na instagramu \u010di info@klimazaloba.cz Klimar\u00e1di pro St\u0159edn\u00ed \u0161koly Napi\u0161te n\u00e1m : edu@klimazaloba.cz Tento projekt do\u0161el ke zd\u00e1rn\u00e9mu konci, v p\u0159\u00edpad\u011b z\u00e1jmu o dal\u0161\u00ed semin\u00e1\u0159 n\u00e1m napi\u0161te @klimazaloba na instagramu \u010di info@klimazaloba.cz Co je semin\u00e1\u0159 Klimar\u00e1di?\u2026","rel":"","context":"Similar post","block_context":{"text":"Similar post","link":""},"img":{"alt_text":"Klimar\u00e1di seo","src":"https:\/\/i0.wp.com\/klimaradi.klimazaloba.cz\/wp-content\/uploads\/2024\/01\/Klimaradi-seoo.png?fit=1200%2C935&ssl=1&resize=350%2C200","width":350,"height":200,"srcset":"https:\/\/i0.wp.com\/klimaradi.klimazaloba.cz\/wp-content\/uploads\/2024\/01\/Klimaradi-seoo.png?fit=1200%2C935&ssl=1&resize=350%2C200 1x, https:\/\/i0.wp.com\/klimaradi.klimazaloba.cz\/wp-content\/uploads\/2024\/01\/Klimaradi-seoo.png?fit=1200%2C935&ssl=1&resize=525%2C300 1.5x, https:\/\/i0.wp.com\/klimaradi.klimazaloba.cz\/wp-content\/uploads\/2024\/01\/Klimaradi-seoo.png?fit=1200%2C935&ssl=1&resize=700%2C400 2x, https:\/\/i0.wp.com\/klimaradi.klimazaloba.cz\/wp-content\/uploads\/2024\/01\/Klimaradi-seoo.png?fit=1200%2C935&ssl=1&resize=1050%2C600 3x"},"classes":[]}],"_links":{"self":[{"href":"https:\/\/klimaradi.klimazaloba.cz\/index.php\/wp-json\/wp\/v2\/pages\/966"}],"collection":[{"href":"https:\/\/klimaradi.klimazaloba.cz\/index.php\/wp-json\/wp\/v2\/pages"}],"about":[{"href":"https:\/\/klimaradi.klimazaloba.cz\/index.php\/wp-json\/wp\/v2\/types\/page"}],"author":[{"embeddable":true,"href":"https:\/\/klimaradi.klimazaloba.cz\/index.php\/wp-json\/wp\/v2\/users\/1"}],"replies":[{"embeddable":true,"href":"https:\/\/klimaradi.klimazaloba.cz\/index.php\/wp-json\/wp\/v2\/comments?post=966"}],"version-history":[{"count":72,"href":"https:\/\/klimaradi.klimazaloba.cz\/index.php\/wp-json\/wp\/v2\/pages\/966\/revisions"}],"predecessor-version":[{"id":1266,"href":"https:\/\/klimaradi.klimazaloba.cz\/index.php\/wp-json\/wp\/v2\/pages\/966\/revisions\/1266"}],"wp:featuredmedia":[{"embeddable":true,"href":"https:\/\/klimaradi.klimazaloba.cz\/index.php\/wp-json\/wp\/v2\/media\/967"}],"wp:attachment":[{"href":"https:\/\/klimaradi.klimazaloba.cz\/index.php\/wp-json\/wp\/v2\/media?parent=966"}],"curies":[{"name":"wp","href":"https:\/\/api.w.org\/{rel}","templated":true}]}}